{"id":91327,"date":"2026-02-18T23:04:17","date_gmt":"2026-02-18T21:04:17","guid":{"rendered":"https:\/\/bestofwarsaw.pl\/?post_type=wydarzenia&amp;p=91327"},"modified":"2026-02-18T23:04:17","modified_gmt":"2026-02-18T21:04:17","slug":"koncert-medytacja-audiowizualna-sonus-lux-pawel-szamburski","status":"publish","type":"wydarzenia","link":"https:\/\/bestofwarsaw.pl\/archiwum\/ua\/%d0%bf%d0%be%d0%b4%d1%96%d1%97\/koncert-medytacja-audiowizualna-sonus-lux-pawel-szamburski\/","title":{"rendered":"Koncert \/ medytacja audiowizualna \u201eSONUS LUX\u201d \u2013 Pawe\u0142 Szamburski"},"content":{"rendered":"<p>Koncert premierowy<br \/>\nNajnowszy, solowy projekt Paw\u0142a Szamburskiego \u2013 klarnecisty, improwizatora i kompozytora \u2013 sytuuj\u0105cy si\u0119 na styku koncertu, spektaklu i do\u015bwiadczenia audiowizualnego. Punktem wyj\u015bcia jest relacja d\u017awi\u0119ku i \u015bwiat\u0142a oraz ewolucji tych dw\u00f3ch podstawowych porz\u0105dk\u00f3w ludzkiej percepcji, kt\u00f3re od tysi\u0119cy lat kszta\u0142tuj\u0105 spos\u00f3b, w jaki s\u0142uchamy, widzimy i rozumiemy \u015bwiat.<br \/>\nSzamburski przetwarza cytaty i gesty muzyczne tworz\u0105c sp\u00f3jn\u0105 narracj\u0119 audiowizualn\u0105. Minimaln\u0105 przestrze\u0144 sceniczn\u0105 konstruuje za pomoc\u0105 r\u00f3\u017cnych \u017ar\u00f3de\u0142 \u015bwiat\u0142a: od iskry, ognia, plazmy, \u015bwiat\u0142a \u017carowego, laseru, a\u017c do zjawiska sonifikacji \u015bwiat\u0142a \u2013 czyli procesu przekszta\u0142cania danych \u015bwietlnych w d\u017awi\u0119k. Ka\u017cdy etap jest tu raczej symbolicznym stanem ni\u017c konkretn\u0105 epok\u0105 \u2013 metaforycznym zapisem do\u015bwiadczenia, emocji i sposobu s\u0142uchania \u015bwiata.<br \/>\nSonus Lux to zatem intymna opowie\u015b\u0107 o kulturowych uniwersalizmach, kt\u00f3re Pawe\u0142 Szamburski konsekwentnie eksplorowa\u0142 w swoich wcze\u015bniejszych projektach \u2013 o tym, jak d\u017awi\u0119k i \u015bwiat\u0142o, niezale\u017cnie od epoki czy kultury porz\u0105dkuj\u0105 spektrum ludzkiego do\u015bwiadczenia.<br \/>\n\/ bilet \u2013 40 z\u0142 \/<\/p>","protected":false},"excerpt":{"rendered":"<p>Koncert premierowy Najnowszy, solowy projekt Paw\u0142a Szamburskiego \u2013 klarnecisty, improwizatora i kompozytora \u2013 sytuuj\u0105cy si\u0119 na styku koncertu, spektaklu i do\u015bwiadczenia audiowizualnego. Punktem wyj\u015bcia jest relacja d\u017awi\u0119ku i \u015bwiat\u0142a oraz ewolucji tych dw\u00f3ch podstawowych porz\u0105dk\u00f3w ludzkiej percepcji, kt\u00f3re od tysi\u0119cy lat kszta\u0142tuj\u0105 spos\u00f3b, w jaki s\u0142uchamy, widzimy i rozumiemy \u015bwiat. Szamburski przetwarza cytaty i gesty [&hellip;]<\/p>","protected":false},"author":12,"featured_media":91328,"comment_status":"closed","ping_status":"closed","template":"","meta":{"_eb_attr":"","footnotes":"","spc_primary_kategorie_wydarzen":-1,"spc_primary_kat_wydarzenia":-1},"kategorie_wydarzen":[807,478],"tagi_wydarzen":[],"kat_wydarzenia":[625],"wydarzenia_duplikat":[],"class_list":["post-91327","wydarzenia","type-wydarzenia","status-publish","has-post-thumbnail","hentry","kategorie_wydarzen-archiwum","kategorie_wydarzen-koncerty-muzyczne","kat_wydarzenia-02-w-tygodniu"],"yoast_head":"<!-- This site is optimized with the Yoast SEO plugin v27.1.1 - https:\/\/yoast.com\/product\/yoast-seo-wordpress\/ -->\n<title>Koncert \/ medytacja audiowizualna \u201eSONUS LUX\u201d \u2013 Pawe\u0142 Szamburski - BestOfWarsaw | Przewodnik po Warszawie<\/title>\n<meta name=\"robots\" content=\"index, follow, max-snippet:-1, max-image-preview:large, max-video-preview:-1\" \/>\n<link rel=\"canonical\" href=\"https:\/\/bestofwarsaw.pl\/archiwum\/ua\/\u043f\u043e\u0434\u0456\u0457\/koncert-medytacja-audiowizualna-sonus-lux-pawel-szamburski\/\" \/>\n<meta property=\"og:locale\" content=\"uk_UA\" \/>\n<meta property=\"og:type\" content=\"article\" \/>\n<meta property=\"og:title\" content=\"Koncert \/ medytacja audiowizualna \u201eSONUS LUX\u201d \u2013 Pawe\u0142 Szamburski - BestOfWarsaw | Przewodnik po Warszawie\" \/>\n<meta property=\"og:description\" content=\"Koncert premierowy Najnowszy, solowy projekt Paw\u0142a Szamburskiego \u2013 klarnecisty, improwizatora i kompozytora \u2013 sytuuj\u0105cy si\u0119 na styku koncertu, spektaklu i do\u015bwiadczenia audiowizualnego. Punktem wyj\u015bcia jest relacja d\u017awi\u0119ku i \u015bwiat\u0142a oraz ewolucji tych dw\u00f3ch podstawowych porz\u0105dk\u00f3w ludzkiej percepcji, kt\u00f3re od tysi\u0119cy lat kszta\u0142tuj\u0105 spos\u00f3b, w jaki s\u0142uchamy, widzimy i rozumiemy \u015bwiat. Szamburski przetwarza cytaty i gesty [&hellip;]\" \/>\n<meta property=\"og:url\" content=\"https:\/\/bestofwarsaw.pl\/archiwum\/ua\/\u043f\u043e\u0434\u0456\u0457\/koncert-medytacja-audiowizualna-sonus-lux-pawel-szamburski\/\" \/>\n<meta property=\"og:site_name\" content=\"BestOfWarsaw | Przewodnik po Warszawie\" \/>\n<meta name=\"twitter:card\" content=\"summary_large_image\" \/>\n<meta name=\"twitter:label1\" content=\"\u041f\u0440\u0438\u0431\u043b. \u0447\u0430\u0441 \u0447\u0438\u0442\u0430\u043d\u043d\u044f\" \/>\n\t<meta name=\"twitter:data1\" content=\"1 \u0445\u0432\u0438\u043b\u0438\u043d\u0430\" \/>\n<script type=\"application\/ld+json\" class=\"yoast-schema-graph\">{\"@context\":\"https:\/\/schema.org\",\"@graph\":[{\"@type\":\"WebPage\",\"@id\":\"https:\/\/bestofwarsaw.pl\/archiwum\/wydarzenia\/koncert-medytacja-audiowizualna-sonus-lux-pawel-szamburski\/\",\"url\":\"https:\/\/bestofwarsaw.pl\/archiwum\/wydarzenia\/koncert-medytacja-audiowizualna-sonus-lux-pawel-szamburski\/\",\"name\":\"Koncert \/ medytacja audiowizualna \u201eSONUS LUX\u201d \u2013 Pawe\u0142 Szamburski - BestOfWarsaw | Przewodnik po Warszawie\",\"isPartOf\":{\"@id\":\"https:\/\/bestofwarsaw.pl\/archiwum\/#website\"},\"primaryImageOfPage\":{\"@id\":\"https:\/\/bestofwarsaw.pl\/archiwum\/wydarzenia\/koncert-medytacja-audiowizualna-sonus-lux-pawel-szamburski\/#primaryimage\"},\"image\":{\"@id\":\"https:\/\/bestofwarsaw.pl\/archiwum\/wydarzenia\/koncert-medytacja-audiowizualna-sonus-lux-pawel-szamburski\/#primaryimage\"},\"thumbnailUrl\":\"\",\"datePublished\":\"2026-02-18T21:04:17+00:00\",\"breadcrumb\":{\"@id\":\"https:\/\/bestofwarsaw.pl\/archiwum\/wydarzenia\/koncert-medytacja-audiowizualna-sonus-lux-pawel-szamburski\/#breadcrumb\"},\"inLanguage\":\"uk\",\"potentialAction\":[{\"@type\":\"ReadAction\",\"target\":[\"https:\/\/bestofwarsaw.pl\/archiwum\/wydarzenia\/koncert-medytacja-audiowizualna-sonus-lux-pawel-szamburski\/\"]}]},{\"@type\":\"ImageObject\",\"inLanguage\":\"uk\",\"@id\":\"https:\/\/bestofwarsaw.pl\/archiwum\/wydarzenia\/koncert-medytacja-audiowizualna-sonus-lux-pawel-szamburski\/#primaryimage\",\"url\":\"\",\"contentUrl\":\"\"},{\"@type\":\"BreadcrumbList\",\"@id\":\"https:\/\/bestofwarsaw.pl\/archiwum\/wydarzenia\/koncert-medytacja-audiowizualna-sonus-lux-pawel-szamburski\/#breadcrumb\",\"itemListElement\":[{\"@type\":\"ListItem\",\"position\":1,\"name\":\"BestOfWarsaw\",\"item\":\"https:\/\/bestofwarsaw.pl\/archiwum\/\"},{\"@type\":\"ListItem\",\"position\":2,\"name\":\"Wydarzenia\",\"item\":\"https:\/\/bestofwarsaw.pl\/archiwum\/pl\/wydarzenia\/?ucterms=post_type:wydarzenia\"},{\"@type\":\"ListItem\",\"position\":3,\"name\":\"Koncert \/ medytacja audiowizualna \u201eSONUS LUX\u201d \u2013 Pawe\u0142 Szamburski\"}]},{\"@type\":\"WebSite\",\"@id\":\"https:\/\/bestofwarsaw.pl\/archiwum\/#website\",\"url\":\"https:\/\/bestofwarsaw.pl\/archiwum\/\",\"name\":\"BestOfWarsaw | Przewodnik po Warszawie\",\"description\":\"\",\"publisher\":{\"@id\":\"https:\/\/bestofwarsaw.pl\/archiwum\/#organization\"},\"potentialAction\":[{\"@type\":\"SearchAction\",\"target\":{\"@type\":\"EntryPoint\",\"urlTemplate\":\"https:\/\/bestofwarsaw.pl\/archiwum\/?s={search_term_string}\"},\"query-input\":{\"@type\":\"PropertyValueSpecification\",\"valueRequired\":true,\"valueName\":\"search_term_string\"}}],\"inLanguage\":\"uk\"},{\"@type\":\"Organization\",\"@id\":\"https:\/\/bestofwarsaw.pl\/archiwum\/#organization\",\"name\":\"BestOfWarsaw | Przewodnik po Warszawie\",\"url\":\"https:\/\/bestofwarsaw.pl\/archiwum\/\",\"logo\":{\"@type\":\"ImageObject\",\"inLanguage\":\"uk\",\"@id\":\"https:\/\/bestofwarsaw.pl\/archiwum\/#\/schema\/logo\/image\/\",\"url\":\"https:\/\/bestofwarsaw.pl\/archiwum\/wp-content\/uploads\/2024\/05\/bofw-logo.svg\",\"contentUrl\":\"https:\/\/bestofwarsaw.pl\/archiwum\/wp-content\/uploads\/2024\/05\/bofw-logo.svg\",\"width\":259.5,\"height\":43.3,\"caption\":\"BestOfWarsaw | Przewodnik po Warszawie\"},\"image\":{\"@id\":\"https:\/\/bestofwarsaw.pl\/archiwum\/#\/schema\/logo\/image\/\"}}]}<\/script>\n<!-- \/ Yoast SEO plugin. -->","yoast_head_json":{"title":"Koncert \/ medytacja audiowizualna \u201eSONUS LUX\u201d \u2013 Pawe\u0142 Szamburski - BestOfWarsaw | Przewodnik po Warszawie","robots":{"index":"index","follow":"follow","max-snippet":"max-snippet:-1","max-image-preview":"max-image-preview:large","max-video-preview":"max-video-preview:-1"},"canonical":"https:\/\/bestofwarsaw.pl\/archiwum\/ua\/\u043f\u043e\u0434\u0456\u0457\/koncert-medytacja-audiowizualna-sonus-lux-pawel-szamburski\/","og_locale":"uk_UA","og_type":"article","og_title":"Koncert \/ medytacja audiowizualna \u201eSONUS LUX\u201d \u2013 Pawe\u0142 Szamburski - BestOfWarsaw | Przewodnik po Warszawie","og_description":"Koncert premierowy Najnowszy, solowy projekt Paw\u0142a Szamburskiego \u2013 klarnecisty, improwizatora i kompozytora \u2013 sytuuj\u0105cy si\u0119 na styku koncertu, spektaklu i do\u015bwiadczenia audiowizualnego. Punktem wyj\u015bcia jest relacja d\u017awi\u0119ku i \u015bwiat\u0142a oraz ewolucji tych dw\u00f3ch podstawowych porz\u0105dk\u00f3w ludzkiej percepcji, kt\u00f3re od tysi\u0119cy lat kszta\u0142tuj\u0105 spos\u00f3b, w jaki s\u0142uchamy, widzimy i rozumiemy \u015bwiat. Szamburski przetwarza cytaty i gesty [&hellip;]","og_url":"https:\/\/bestofwarsaw.pl\/archiwum\/ua\/\u043f\u043e\u0434\u0456\u0457\/koncert-medytacja-audiowizualna-sonus-lux-pawel-szamburski\/","og_site_name":"BestOfWarsaw | Przewodnik po Warszawie","twitter_card":"summary_large_image","twitter_misc":{"\u041f\u0440\u0438\u0431\u043b. \u0447\u0430\u0441 \u0447\u0438\u0442\u0430\u043d\u043d\u044f":"1 \u0445\u0432\u0438\u043b\u0438\u043d\u0430"},"schema":{"@context":"https:\/\/schema.org","@graph":[{"@type":"WebPage","@id":"https:\/\/bestofwarsaw.pl\/archiwum\/wydarzenia\/koncert-medytacja-audiowizualna-sonus-lux-pawel-szamburski\/","url":"https:\/\/bestofwarsaw.pl\/archiwum\/wydarzenia\/koncert-medytacja-audiowizualna-sonus-lux-pawel-szamburski\/","name":"Koncert \/ medytacja audiowizualna \u201eSONUS LUX\u201d \u2013 Pawe\u0142 Szamburski - BestOfWarsaw | Przewodnik po Warszawie","isPartOf":{"@id":"https:\/\/bestofwarsaw.pl\/archiwum\/#website"},"primaryImageOfPage":{"@id":"https:\/\/bestofwarsaw.pl\/archiwum\/wydarzenia\/koncert-medytacja-audiowizualna-sonus-lux-pawel-szamburski\/#primaryimage"},"image":{"@id":"https:\/\/bestofwarsaw.pl\/archiwum\/wydarzenia\/koncert-medytacja-audiowizualna-sonus-lux-pawel-szamburski\/#primaryimage"},"thumbnailUrl":"","datePublished":"2026-02-18T21:04:17+00:00","breadcrumb":{"@id":"https:\/\/bestofwarsaw.pl\/archiwum\/wydarzenia\/koncert-medytacja-audiowizualna-sonus-lux-pawel-szamburski\/#breadcrumb"},"inLanguage":"uk","potentialAction":[{"@type":"ReadAction","target":["https:\/\/bestofwarsaw.pl\/archiwum\/wydarzenia\/koncert-medytacja-audiowizualna-sonus-lux-pawel-szamburski\/"]}]},{"@type":"ImageObject","inLanguage":"uk","@id":"https:\/\/bestofwarsaw.pl\/archiwum\/wydarzenia\/koncert-medytacja-audiowizualna-sonus-lux-pawel-szamburski\/#primaryimage","url":"","contentUrl":""},{"@type":"BreadcrumbList","@id":"https:\/\/bestofwarsaw.pl\/archiwum\/wydarzenia\/koncert-medytacja-audiowizualna-sonus-lux-pawel-szamburski\/#breadcrumb","itemListElement":[{"@type":"ListItem","position":1,"name":"BestOfWarsaw","item":"https:\/\/bestofwarsaw.pl\/archiwum\/"},{"@type":"ListItem","position":2,"name":"Wydarzenia","item":"https:\/\/bestofwarsaw.pl\/archiwum\/pl\/wydarzenia\/?ucterms=post_type:wydarzenia"},{"@type":"ListItem","position":3,"name":"Koncert \/ medytacja audiowizualna \u201eSONUS LUX\u201d \u2013 Pawe\u0142 Szamburski"}]},{"@type":"WebSite","@id":"https:\/\/bestofwarsaw.pl\/archiwum\/#website","url":"https:\/\/bestofwarsaw.pl\/archiwum\/","name":"BestOfWarsaw | \u041f\u0443\u0442\u0456\u0432\u043d\u0438\u043a \u043f\u043e \u0412\u0430\u0440\u0448\u0430\u0432\u0456","description":"","publisher":{"@id":"https:\/\/bestofwarsaw.pl\/archiwum\/#organization"},"potentialAction":[{"@type":"SearchAction","target":{"@type":"EntryPoint","urlTemplate":"https:\/\/bestofwarsaw.pl\/archiwum\/?s={search_term_string}"},"query-input":{"@type":"PropertyValueSpecification","valueRequired":true,"valueName":"search_term_string"}}],"inLanguage":"uk"},{"@type":"Organization","@id":"https:\/\/bestofwarsaw.pl\/archiwum\/#organization","name":"BestOfWarsaw | \u041f\u0443\u0442\u0456\u0432\u043d\u0438\u043a \u043f\u043e \u0412\u0430\u0440\u0448\u0430\u0432\u0456","url":"https:\/\/bestofwarsaw.pl\/archiwum\/","logo":{"@type":"ImageObject","inLanguage":"uk","@id":"https:\/\/bestofwarsaw.pl\/archiwum\/#\/schema\/logo\/image\/","url":"https:\/\/bestofwarsaw.pl\/archiwum\/wp-content\/uploads\/2024\/05\/bofw-logo.svg","contentUrl":"https:\/\/bestofwarsaw.pl\/archiwum\/wp-content\/uploads\/2024\/05\/bofw-logo.svg","width":259.5,"height":43.3,"caption":"BestOfWarsaw | Przewodnik po Warszawie"},"image":{"@id":"https:\/\/bestofwarsaw.pl\/archiwum\/#\/schema\/logo\/image\/"}}]}},"_links":{"self":[{"href":"https:\/\/bestofwarsaw.pl\/archiwum\/ua\/wp-json\/wp\/v2\/wydarzenia\/91327","targetHints":{"allow":["GET"]}}],"collection":[{"href":"https:\/\/bestofwarsaw.pl\/archiwum\/ua\/wp-json\/wp\/v2\/wydarzenia"}],"about":[{"href":"https:\/\/bestofwarsaw.pl\/archiwum\/ua\/wp-json\/wp\/v2\/types\/wydarzenia"}],"author":[{"embeddable":true,"href":"https:\/\/bestofwarsaw.pl\/archiwum\/ua\/wp-json\/wp\/v2\/users\/12"}],"replies":[{"embeddable":true,"href":"https:\/\/bestofwarsaw.pl\/archiwum\/ua\/wp-json\/wp\/v2\/comments?post=91327"}],"version-history":[{"count":0,"href":"https:\/\/bestofwarsaw.pl\/archiwum\/ua\/wp-json\/wp\/v2\/wydarzenia\/91327\/revisions"}],"wp:featuredmedia":[{"embeddable":true,"href":"https:\/\/bestofwarsaw.pl\/archiwum\/ua\/wp-json\/"}],"wp:attachment":[{"href":"https:\/\/bestofwarsaw.pl\/archiwum\/ua\/wp-json\/wp\/v2\/media?parent=91327"}],"wp:term":[{"taxonomy":"kategorie_wydarzen","embeddable":true,"href":"https:\/\/bestofwarsaw.pl\/archiwum\/ua\/wp-json\/wp\/v2\/kategorie_wydarzen?post=91327"},{"taxonomy":"tagi_wydarzen","embeddable":true,"href":"https:\/\/bestofwarsaw.pl\/archiwum\/ua\/wp-json\/wp\/v2\/tagi_wydarzen?post=91327"},{"taxonomy":"kat_wydarzenia","embeddable":true,"href":"https:\/\/bestofwarsaw.pl\/archiwum\/ua\/wp-json\/wp\/v2\/kat_wydarzenia?post=91327"},{"taxonomy":"wydarzenia_duplikat","embeddable":true,"href":"https:\/\/bestofwarsaw.pl\/archiwum\/ua\/wp-json\/wp\/v2\/wydarzenia_duplikat?post=91327"}],"curies":[{"name":"wp","href":"https:\/\/api.w.org\/{rel}","templated":true}]}}