{"id":22156,"date":"2025-01-07T14:17:56","date_gmt":"2025-01-07T12:17:56","guid":{"rendered":"https:\/\/bestofwarsaw.pl\/archiwum\/wydarzenia\/wystawa-immersyjna-dali-cybernetics-immersyjna-podroz-w-glab-genialnego-umyslu-salvadora-dali\/"},"modified":"2025-01-07T14:17:56","modified_gmt":"2025-01-07T12:17:56","slug":"wystawa-immersyjna-dali-cybernetics-immersyjna-podroz-w-glab-genialnego-umyslu-salvadora-dali","status":"publish","type":"wydarzenia","link":"https:\/\/bestofwarsaw.pl\/archiwum\/pl\/wydarzenia\/wystawa-immersyjna-dali-cybernetics-immersyjna-podroz-w-glab-genialnego-umyslu-salvadora-dali\/","title":{"rendered":"Wystawa immersyjna &#8222;Dali Cybernetics. Immersyjna Podr\u00f3\u017c w g\u0142\u0105b Genialnego Umys\u0142u Salvadora Dali&#8221;"},"content":{"rendered":"<p>Ju\u017c 13 wrze\u015bnia w Art Box Experience w Fabryce Norblina wystartuje nowa, niezwyk\u0142a wystawa multisensoryczna \u2013 DAL\u00cd CYBERNETICS. To pierwsze w Polsce, nowoczesne, immersyjne do\u015bwiadczenie dzie\u0142 Salvadora Dalego, w kt\u00f3rych znajdziemy jego interpretacj\u0119 r\u00f3wnoleg\u0142ych wszech\u015bwiat\u00f3w, fizyki kwantowej, czwartego wymiaru, \u015bwi\u0119tej geometrii czy sekwencjonowania DNA. Bilety s\u0105 ju\u017c dost\u0119pne w przedsprzeda\u017cy na ticketmaster.pl.<\/p>\n<p>DAL\u00cd CYBERNETICS to ekscytuj\u0105ca podr\u00f3\u017c przez najs\u0142ynniejsze dzie\u0142a Dalego z zupe\u0142nie nowej perspektywy. Poetycki i oniryczny wszech\u015bwiat artysty spotyka si\u0119 z projekcjami wielkoformatowymi, interaktywnymi instalacjami, hologramami, rzeczywisto\u015bci\u0105 wirtualn\u0105 i sztuczn\u0105 inteligencj\u0105. Podr\u00f3\u017c w g\u0142\u0105b umys\u0142u katalo\u0144skiego artysty ukazuje, jak dalece genialno\u015b\u0107 jego dzie\u0142 wynika\u0142a z otwartego, prowokacyjnego i naukowego sposobu my\u015blenia, a tak\u017ce z fascynacji teori\u0105 wzgl\u0119dno\u015bci i czwartym wymiarem.<\/p>\n<p>W tym roku obchodzimy 120 rocznic\u0119 urodzin artysty znanego ze swojego ekscentrycznego stylu, zar\u00f3wno w sztuce, jak i \u017cyciu codziennym. Wszyscy kojarzymy charakterystyczny w\u0105s katalo\u0144skiego artysty, ale nie ka\u017cdy zdaje sobie spraw\u0119, z czego wynika\u0142 jego geniusz.<\/p>\n<p>Spos\u00f3b my\u015blenia oraz wybrane prace artysty, m.in. Trwa\u0142o\u015b\u0107 pami\u0119ci, Galatea sfer czy P\u0142on\u0105ce \u017byrafy, b\u0119dzie mo\u017cna odkrywa\u0107 na wystawie immersyjnej \u201cDal\u00ed Cybernetics\u201d dost\u0119pnej dla zwiedzaj\u0105cych od 13 wrze\u015bnia do 31 grudnia 2024 r. <\/p>\n<p>Projekt zosta\u0142 stworzony we wsp\u00f3\u0142pracy z Fundacj\u0105 Gali Salvadora Dal\u00ed, kt\u00f3ra specjalnie na potrzeby tej wystawy prowadzi\u0142a szerokie badania naukowe skupiaj\u0105c si\u0119 na osadzeniu dzie\u0142 artysty w \u015bwiecie sztuki cyfrowej. Kuratorki wystawy, Imma Fondevila i Anna Pou \u2013 \u015bci\u015ble wsp\u00f3\u0142pracowa\u0142y z o\u015brodkiem bada\u0144 nad tw\u00f3rczo\u015bci\u0105 artysty przy Fundacji Dal\u00ed. Instalacje artystyczne zajmuj\u0105ce 800 metr\u00f3w kwadratowych powierzchni s\u0105 dzie\u0142em Layers of Reality i Exhibition Hub, a \u015bcie\u017ck\u0119 d\u017awi\u0119kow\u0105 wystawy skomponowa\u0142 Rafel Plana.<\/p>\n<p>Miejsce: Art Box Experience, Fabryka Norblina,<br \/>\npon. \u2013 czw., od godz. 9.00 do 20.00, ostatnie wej\u015bcie o 19.00; pt. od godz. 9:00 do 21:00, ostatnie wej\u015bcie o godz. 20; weekend w godz. 10.00-21.00.<\/p>\n<p>Zapraszamy!<\/p>\n","protected":false},"excerpt":{"rendered":"<p>Ju\u017c 13 wrze\u015bnia w Art Box Experience w Fabryce Norblina wystartuje nowa, niezwyk\u0142a wystawa multisensoryczna \u2013 DAL\u00cd CYBERNETICS. To pierwsze w Polsce, nowoczesne, immersyjne do\u015bwiadczenie dzie\u0142 Salvadora Dalego, w kt\u00f3rych znajdziemy jego interpretacj\u0119 r\u00f3wnoleg\u0142ych wszech\u015bwiat\u00f3w, fizyki kwantowej, czwartego wymiaru, \u015bwi\u0119tej geometrii czy sekwencjonowania DNA. Bilety s\u0105 ju\u017c dost\u0119pne w przedsprzeda\u017cy na ticketmaster.pl. DAL\u00cd CYBERNETICS to [&hellip;]<\/p>\n","protected":false},"author":12,"featured_media":22157,"comment_status":"","ping_status":"closed","template":"","meta":{"_eb_attr":"","footnotes":"","spc_primary_kategorie_wydarzen":0,"spc_primary_kat_wydarzenia":0},"kategorie_wydarzen":[807,494],"tagi_wydarzen":[805,607],"kat_wydarzenia":[628],"wydarzenia_duplikat":[],"class_list":["post-22156","wydarzenia","type-wydarzenia","status-publish","has-post-thumbnail","hentry","kategorie_wydarzen-archiwum","kategorie_wydarzen-wystawy","tagi_wydarzen-sztuki-wizualne","tagi_wydarzen-wystawa-czasowa","kat_wydarzenia-05-wybrane"],"yoast_head":"<!-- This site is optimized with the Yoast SEO plugin v27.1.1 - https:\/\/yoast.com\/product\/yoast-seo-wordpress\/ -->\n<title>Wystawa immersyjna &quot;Dali Cybernetics. Immersyjna Podr\u00f3\u017c w g\u0142\u0105b Genialnego Umys\u0142u Salvadora Dali&quot; - BestOfWarsaw | Przewodnik po Warszawie<\/title>\n<meta name=\"robots\" content=\"index, follow, max-snippet:-1, max-image-preview:large, max-video-preview:-1\" \/>\n<link rel=\"canonical\" href=\"https:\/\/bestofwarsaw.pl\/archiwum\/pl\/wydarzenia\/wystawa-immersyjna-dali-cybernetics-immersyjna-podroz-w-glab-genialnego-umyslu-salvadora-dali\/\" \/>\n<meta property=\"og:locale\" content=\"pl_PL\" \/>\n<meta property=\"og:type\" content=\"article\" \/>\n<meta property=\"og:title\" content=\"Wystawa immersyjna &quot;Dali Cybernetics. Immersyjna Podr\u00f3\u017c w g\u0142\u0105b Genialnego Umys\u0142u Salvadora Dali&quot; - BestOfWarsaw | Przewodnik po Warszawie\" \/>\n<meta property=\"og:description\" content=\"Ju\u017c 13 wrze\u015bnia w Art Box Experience w Fabryce Norblina wystartuje nowa, niezwyk\u0142a wystawa multisensoryczna \u2013 DAL\u00cd CYBERNETICS. To pierwsze w Polsce, nowoczesne, immersyjne do\u015bwiadczenie dzie\u0142 Salvadora Dalego, w kt\u00f3rych znajdziemy jego interpretacj\u0119 r\u00f3wnoleg\u0142ych wszech\u015bwiat\u00f3w, fizyki kwantowej, czwartego wymiaru, \u015bwi\u0119tej geometrii czy sekwencjonowania DNA. Bilety s\u0105 ju\u017c dost\u0119pne w przedsprzeda\u017cy na ticketmaster.pl. DAL\u00cd CYBERNETICS to [&hellip;]\" \/>\n<meta property=\"og:url\" content=\"https:\/\/bestofwarsaw.pl\/archiwum\/pl\/wydarzenia\/wystawa-immersyjna-dali-cybernetics-immersyjna-podroz-w-glab-genialnego-umyslu-salvadora-dali\/\" \/>\n<meta property=\"og:site_name\" content=\"BestOfWarsaw | Przewodnik po Warszawie\" \/>\n<meta name=\"twitter:card\" content=\"summary_large_image\" \/>\n<meta name=\"twitter:label1\" content=\"Szacowany czas czytania\" \/>\n\t<meta name=\"twitter:data1\" content=\"2 minuty\" \/>\n<script type=\"application\/ld+json\" class=\"yoast-schema-graph\">{\"@context\":\"https:\/\/schema.org\",\"@graph\":[{\"@type\":\"WebPage\",\"@id\":\"https:\/\/bestofwarsaw.pl\/archiwum\/wydarzenia\/wystawa-immersyjna-dali-cybernetics-immersyjna-podroz-w-glab-genialnego-umyslu-salvadora-dali\/\",\"url\":\"https:\/\/bestofwarsaw.pl\/archiwum\/wydarzenia\/wystawa-immersyjna-dali-cybernetics-immersyjna-podroz-w-glab-genialnego-umyslu-salvadora-dali\/\",\"name\":\"Wystawa immersyjna \\\"Dali Cybernetics. Immersyjna Podr\u00f3\u017c w g\u0142\u0105b Genialnego Umys\u0142u Salvadora Dali\\\" - BestOfWarsaw | Przewodnik po Warszawie\",\"isPartOf\":{\"@id\":\"https:\/\/bestofwarsaw.pl\/archiwum\/#website\"},\"primaryImageOfPage\":{\"@id\":\"https:\/\/bestofwarsaw.pl\/archiwum\/wydarzenia\/wystawa-immersyjna-dali-cybernetics-immersyjna-podroz-w-glab-genialnego-umyslu-salvadora-dali\/#primaryimage\"},\"image\":{\"@id\":\"https:\/\/bestofwarsaw.pl\/archiwum\/wydarzenia\/wystawa-immersyjna-dali-cybernetics-immersyjna-podroz-w-glab-genialnego-umyslu-salvadora-dali\/#primaryimage\"},\"thumbnailUrl\":\"https:\/\/bestofwarsaw.pl\/archiwum\/wp-content\/uploads\/2025\/01\/1725892259829.jpeg\",\"datePublished\":\"2025-01-07T12:17:56+00:00\",\"breadcrumb\":{\"@id\":\"https:\/\/bestofwarsaw.pl\/archiwum\/wydarzenia\/wystawa-immersyjna-dali-cybernetics-immersyjna-podroz-w-glab-genialnego-umyslu-salvadora-dali\/#breadcrumb\"},\"inLanguage\":\"pl-PL\",\"potentialAction\":[{\"@type\":\"ReadAction\",\"target\":[\"https:\/\/bestofwarsaw.pl\/archiwum\/wydarzenia\/wystawa-immersyjna-dali-cybernetics-immersyjna-podroz-w-glab-genialnego-umyslu-salvadora-dali\/\"]}]},{\"@type\":\"ImageObject\",\"inLanguage\":\"pl-PL\",\"@id\":\"https:\/\/bestofwarsaw.pl\/archiwum\/wydarzenia\/wystawa-immersyjna-dali-cybernetics-immersyjna-podroz-w-glab-genialnego-umyslu-salvadora-dali\/#primaryimage\",\"url\":\"https:\/\/bestofwarsaw.pl\/archiwum\/wp-content\/uploads\/2025\/01\/1725892259829.jpeg\",\"contentUrl\":\"https:\/\/bestofwarsaw.pl\/archiwum\/wp-content\/uploads\/2025\/01\/1725892259829.jpeg\",\"width\":1005,\"height\":576},{\"@type\":\"BreadcrumbList\",\"@id\":\"https:\/\/bestofwarsaw.pl\/archiwum\/wydarzenia\/wystawa-immersyjna-dali-cybernetics-immersyjna-podroz-w-glab-genialnego-umyslu-salvadora-dali\/#breadcrumb\",\"itemListElement\":[{\"@type\":\"ListItem\",\"position\":1,\"name\":\"BestOfWarsaw\",\"item\":\"https:\/\/bestofwarsaw.pl\/archiwum\/\"},{\"@type\":\"ListItem\",\"position\":2,\"name\":\"Wydarzenia\",\"item\":\"https:\/\/bestofwarsaw.pl\/archiwum\/pl\/wydarzenia\/?ucterms=post_type:wydarzenia\"},{\"@type\":\"ListItem\",\"position\":3,\"name\":\"Wystawy | Targi | Festiwale\",\"item\":\"https:\/\/bestofwarsaw.pl\/archiwum\/kat-wydarzen\/wystawy-targi-festiwale\/?ucterms=kategorie_wydarzen:wystawy-targi-festiwale.*\"},{\"@type\":\"ListItem\",\"position\":4,\"name\":\"Wystawy\",\"item\":\"https:\/\/bestofwarsaw.pl\/archiwum\/kat-wydarzen\/wystawy\/?ucterms=kategorie_wydarzen:wystawy-targi-festiwale.wystawy.*\"},{\"@type\":\"ListItem\",\"position\":5,\"name\":\"Wystawa immersyjna &#8222;Dali Cybernetics. Immersyjna Podr\u00f3\u017c w g\u0142\u0105b Genialnego Umys\u0142u Salvadora Dali&#8221;\"}]},{\"@type\":\"WebSite\",\"@id\":\"https:\/\/bestofwarsaw.pl\/archiwum\/#website\",\"url\":\"https:\/\/bestofwarsaw.pl\/archiwum\/\",\"name\":\"BestOfWarsaw | Przewodnik po Warszawie\",\"description\":\"\",\"publisher\":{\"@id\":\"https:\/\/bestofwarsaw.pl\/archiwum\/#organization\"},\"potentialAction\":[{\"@type\":\"SearchAction\",\"target\":{\"@type\":\"EntryPoint\",\"urlTemplate\":\"https:\/\/bestofwarsaw.pl\/archiwum\/?s={search_term_string}\"},\"query-input\":{\"@type\":\"PropertyValueSpecification\",\"valueRequired\":true,\"valueName\":\"search_term_string\"}}],\"inLanguage\":\"pl-PL\"},{\"@type\":\"Organization\",\"@id\":\"https:\/\/bestofwarsaw.pl\/archiwum\/#organization\",\"name\":\"BestOfWarsaw | Przewodnik po Warszawie\",\"url\":\"https:\/\/bestofwarsaw.pl\/archiwum\/\",\"logo\":{\"@type\":\"ImageObject\",\"inLanguage\":\"pl-PL\",\"@id\":\"https:\/\/bestofwarsaw.pl\/archiwum\/#\/schema\/logo\/image\/\",\"url\":\"https:\/\/bestofwarsaw.pl\/archiwum\/wp-content\/uploads\/2024\/05\/bofw-logo.svg\",\"contentUrl\":\"https:\/\/bestofwarsaw.pl\/archiwum\/wp-content\/uploads\/2024\/05\/bofw-logo.svg\",\"width\":259.5,\"height\":43.3,\"caption\":\"BestOfWarsaw | Przewodnik po Warszawie\"},\"image\":{\"@id\":\"https:\/\/bestofwarsaw.pl\/archiwum\/#\/schema\/logo\/image\/\"}}]}<\/script>\n<!-- \/ Yoast SEO plugin. -->","yoast_head_json":{"title":"Wystawa immersyjna \"Dali Cybernetics. Immersyjna Podr\u00f3\u017c w g\u0142\u0105b Genialnego Umys\u0142u Salvadora Dali\" - BestOfWarsaw | Przewodnik po Warszawie","robots":{"index":"index","follow":"follow","max-snippet":"max-snippet:-1","max-image-preview":"max-image-preview:large","max-video-preview":"max-video-preview:-1"},"canonical":"https:\/\/bestofwarsaw.pl\/archiwum\/pl\/wydarzenia\/wystawa-immersyjna-dali-cybernetics-immersyjna-podroz-w-glab-genialnego-umyslu-salvadora-dali\/","og_locale":"pl_PL","og_type":"article","og_title":"Wystawa immersyjna \"Dali Cybernetics. Immersyjna Podr\u00f3\u017c w g\u0142\u0105b Genialnego Umys\u0142u Salvadora Dali\" - BestOfWarsaw | Przewodnik po Warszawie","og_description":"Ju\u017c 13 wrze\u015bnia w Art Box Experience w Fabryce Norblina wystartuje nowa, niezwyk\u0142a wystawa multisensoryczna \u2013 DAL\u00cd CYBERNETICS. To pierwsze w Polsce, nowoczesne, immersyjne do\u015bwiadczenie dzie\u0142 Salvadora Dalego, w kt\u00f3rych znajdziemy jego interpretacj\u0119 r\u00f3wnoleg\u0142ych wszech\u015bwiat\u00f3w, fizyki kwantowej, czwartego wymiaru, \u015bwi\u0119tej geometrii czy sekwencjonowania DNA. Bilety s\u0105 ju\u017c dost\u0119pne w przedsprzeda\u017cy na ticketmaster.pl. DAL\u00cd CYBERNETICS to [&hellip;]","og_url":"https:\/\/bestofwarsaw.pl\/archiwum\/pl\/wydarzenia\/wystawa-immersyjna-dali-cybernetics-immersyjna-podroz-w-glab-genialnego-umyslu-salvadora-dali\/","og_site_name":"BestOfWarsaw | Przewodnik po Warszawie","twitter_card":"summary_large_image","twitter_misc":{"Szacowany czas czytania":"2 minuty"},"schema":{"@context":"https:\/\/schema.org","@graph":[{"@type":"WebPage","@id":"https:\/\/bestofwarsaw.pl\/archiwum\/wydarzenia\/wystawa-immersyjna-dali-cybernetics-immersyjna-podroz-w-glab-genialnego-umyslu-salvadora-dali\/","url":"https:\/\/bestofwarsaw.pl\/archiwum\/wydarzenia\/wystawa-immersyjna-dali-cybernetics-immersyjna-podroz-w-glab-genialnego-umyslu-salvadora-dali\/","name":"Wystawa immersyjna \"Dali Cybernetics. Immersyjna Podr\u00f3\u017c w g\u0142\u0105b Genialnego Umys\u0142u Salvadora Dali\" - BestOfWarsaw | Przewodnik po Warszawie","isPartOf":{"@id":"https:\/\/bestofwarsaw.pl\/archiwum\/#website"},"primaryImageOfPage":{"@id":"https:\/\/bestofwarsaw.pl\/archiwum\/wydarzenia\/wystawa-immersyjna-dali-cybernetics-immersyjna-podroz-w-glab-genialnego-umyslu-salvadora-dali\/#primaryimage"},"image":{"@id":"https:\/\/bestofwarsaw.pl\/archiwum\/wydarzenia\/wystawa-immersyjna-dali-cybernetics-immersyjna-podroz-w-glab-genialnego-umyslu-salvadora-dali\/#primaryimage"},"thumbnailUrl":"https:\/\/bestofwarsaw.pl\/archiwum\/wp-content\/uploads\/2025\/01\/1725892259829.jpeg","datePublished":"2025-01-07T12:17:56+00:00","breadcrumb":{"@id":"https:\/\/bestofwarsaw.pl\/archiwum\/wydarzenia\/wystawa-immersyjna-dali-cybernetics-immersyjna-podroz-w-glab-genialnego-umyslu-salvadora-dali\/#breadcrumb"},"inLanguage":"pl-PL","potentialAction":[{"@type":"ReadAction","target":["https:\/\/bestofwarsaw.pl\/archiwum\/wydarzenia\/wystawa-immersyjna-dali-cybernetics-immersyjna-podroz-w-glab-genialnego-umyslu-salvadora-dali\/"]}]},{"@type":"ImageObject","inLanguage":"pl-PL","@id":"https:\/\/bestofwarsaw.pl\/archiwum\/wydarzenia\/wystawa-immersyjna-dali-cybernetics-immersyjna-podroz-w-glab-genialnego-umyslu-salvadora-dali\/#primaryimage","url":"https:\/\/bestofwarsaw.pl\/archiwum\/wp-content\/uploads\/2025\/01\/1725892259829.jpeg","contentUrl":"https:\/\/bestofwarsaw.pl\/archiwum\/wp-content\/uploads\/2025\/01\/1725892259829.jpeg","width":1005,"height":576},{"@type":"BreadcrumbList","@id":"https:\/\/bestofwarsaw.pl\/archiwum\/wydarzenia\/wystawa-immersyjna-dali-cybernetics-immersyjna-podroz-w-glab-genialnego-umyslu-salvadora-dali\/#breadcrumb","itemListElement":[{"@type":"ListItem","position":1,"name":"BestOfWarsaw","item":"https:\/\/bestofwarsaw.pl\/archiwum\/"},{"@type":"ListItem","position":2,"name":"Wydarzenia","item":"https:\/\/bestofwarsaw.pl\/archiwum\/pl\/wydarzenia\/?ucterms=post_type:wydarzenia"},{"@type":"ListItem","position":3,"name":"Wystawy | Targi | Festiwale","item":"https:\/\/bestofwarsaw.pl\/archiwum\/kat-wydarzen\/wystawy-targi-festiwale\/?ucterms=kategorie_wydarzen:wystawy-targi-festiwale.*"},{"@type":"ListItem","position":4,"name":"Wystawy","item":"https:\/\/bestofwarsaw.pl\/archiwum\/kat-wydarzen\/wystawy\/?ucterms=kategorie_wydarzen:wystawy-targi-festiwale.wystawy.*"},{"@type":"ListItem","position":5,"name":"Wystawa immersyjna &#8222;Dali Cybernetics. Immersyjna Podr\u00f3\u017c w g\u0142\u0105b Genialnego Umys\u0142u Salvadora Dali&#8221;"}]},{"@type":"WebSite","@id":"https:\/\/bestofwarsaw.pl\/archiwum\/#website","url":"https:\/\/bestofwarsaw.pl\/archiwum\/","name":"BestOfWarsaw | Przewodnik po Warszawie","description":"","publisher":{"@id":"https:\/\/bestofwarsaw.pl\/archiwum\/#organization"},"potentialAction":[{"@type":"SearchAction","target":{"@type":"EntryPoint","urlTemplate":"https:\/\/bestofwarsaw.pl\/archiwum\/?s={search_term_string}"},"query-input":{"@type":"PropertyValueSpecification","valueRequired":true,"valueName":"search_term_string"}}],"inLanguage":"pl-PL"},{"@type":"Organization","@id":"https:\/\/bestofwarsaw.pl\/archiwum\/#organization","name":"BestOfWarsaw | Przewodnik po Warszawie","url":"https:\/\/bestofwarsaw.pl\/archiwum\/","logo":{"@type":"ImageObject","inLanguage":"pl-PL","@id":"https:\/\/bestofwarsaw.pl\/archiwum\/#\/schema\/logo\/image\/","url":"https:\/\/bestofwarsaw.pl\/archiwum\/wp-content\/uploads\/2024\/05\/bofw-logo.svg","contentUrl":"https:\/\/bestofwarsaw.pl\/archiwum\/wp-content\/uploads\/2024\/05\/bofw-logo.svg","width":259.5,"height":43.3,"caption":"BestOfWarsaw | Przewodnik po Warszawie"},"image":{"@id":"https:\/\/bestofwarsaw.pl\/archiwum\/#\/schema\/logo\/image\/"}}]}},"_links":{"self":[{"href":"https:\/\/bestofwarsaw.pl\/archiwum\/pl\/wp-json\/wp\/v2\/wydarzenia\/22156","targetHints":{"allow":["GET"]}}],"collection":[{"href":"https:\/\/bestofwarsaw.pl\/archiwum\/pl\/wp-json\/wp\/v2\/wydarzenia"}],"about":[{"href":"https:\/\/bestofwarsaw.pl\/archiwum\/pl\/wp-json\/wp\/v2\/types\/wydarzenia"}],"author":[{"embeddable":true,"href":"https:\/\/bestofwarsaw.pl\/archiwum\/pl\/wp-json\/wp\/v2\/users\/12"}],"replies":[{"embeddable":true,"href":"https:\/\/bestofwarsaw.pl\/archiwum\/pl\/wp-json\/wp\/v2\/comments?post=22156"}],"version-history":[{"count":0,"href":"https:\/\/bestofwarsaw.pl\/archiwum\/pl\/wp-json\/wp\/v2\/wydarzenia\/22156\/revisions"}],"wp:featuredmedia":[{"embeddable":true,"href":"https:\/\/bestofwarsaw.pl\/archiwum\/pl\/wp-json\/wp\/v2\/media\/22157"}],"wp:attachment":[{"href":"https:\/\/bestofwarsaw.pl\/archiwum\/pl\/wp-json\/wp\/v2\/media?parent=22156"}],"wp:term":[{"taxonomy":"kategorie_wydarzen","embeddable":true,"href":"https:\/\/bestofwarsaw.pl\/archiwum\/pl\/wp-json\/wp\/v2\/kategorie_wydarzen?post=22156"},{"taxonomy":"tagi_wydarzen","embeddable":true,"href":"https:\/\/bestofwarsaw.pl\/archiwum\/pl\/wp-json\/wp\/v2\/tagi_wydarzen?post=22156"},{"taxonomy":"kat_wydarzenia","embeddable":true,"href":"https:\/\/bestofwarsaw.pl\/archiwum\/pl\/wp-json\/wp\/v2\/kat_wydarzenia?post=22156"},{"taxonomy":"wydarzenia_duplikat","embeddable":true,"href":"https:\/\/bestofwarsaw.pl\/archiwum\/pl\/wp-json\/wp\/v2\/wydarzenia_duplikat?post=22156"}],"curies":[{"name":"wp","href":"https:\/\/api.w.org\/{rel}","templated":true}]}}