{"id":77733,"date":"2025-10-28T16:03:56","date_gmt":"2025-10-28T14:03:56","guid":{"rendered":"https:\/\/bestofwarsaw.pl\/wydarzenia\/41-miedzynarodowy-festiwal-bardow-oppa-2025-koncert-galowy-premiery-i-interpretacje\/"},"modified":"2025-10-28T16:03:56","modified_gmt":"2025-10-28T14:03:56","slug":"41-miedzynarodowy-festiwal-bardow-oppa-2025-koncert-galowy-premiery-i-interpretacje","status":"publish","type":"wydarzenia","link":"https:\/\/bestofwarsaw.pl\/archiwum\/en\/events\/41-miedzynarodowy-festiwal-bardow-oppa-2025-koncert-galowy-premiery-i-interpretacje\/","title":{"rendered":"41. Mi\u0119dzynarodowy Festiwal Bard\u00f3w OPPA 2025 \u2013 koncert galowy \u201ePremiery i interpretacje\u201d"},"content":{"rendered":"<p>41. Mi\u0119dzynarodowy Festiwal Bard\u00f3w OPPA 2025 \u2013 koncert galowy \u201ePremiery i interpretacje\u201d<\/p>\n<p>Dwucz\u0119\u015bciowy koncert, w kt\u00f3rym w pierwszej cz\u0119\u015bci bardessy i bardowie wyst\u0119puj\u0105 ze swoimi premierowymi piosenkami, a publiczno\u015b\u0107 wybiera najlepsz\u0105. Druga cz\u0119\u015b\u0107, to koncert z\u0142o\u017cony z piosenek s\u0142awnych bard\u00f3w zagranicznych w polskich wersjach j\u0119zykowych.<\/p>\n<p>Wyst\u0105pi\u0105: Justyna Bacz, Piotr Bakal, Jacek Gutry, Stanis\u0142aw Klawe, Przemys\u0142aw Kmietjan, Tomasz Kordeusz, Dorota Kuziela, Ewelina Marciniak, Bogus\u0142aw Nowicki, Apolinary Polek, Mateusz Rulski, Basia St\u0119pniak-Wilk, Marcin Stycze\u0144, Tomasz Szwed.<\/p>\n<p>Koncert prowadzi Tomasz Szwed.<br \/>\nArtystom akompaniuje trio \u0141ukasza D\u0105browskiego<\/p>\n<p>**<br \/>\nOPPA &#8211; Mi\u0119dzynarodowy Festiwal Bard\u00f3w &#8211; jest organizowany przez \u015brodowisko tw\u00f3rc\u00f3w i wykonawc\u00f3w zrzeszonych w Stowarzyszeniu Literacko Muzycznym \u201eBallada\u201d. Jest jedynym tej rangi festiwalem w Polsce, prezentuj\u0105cym tw\u00f3rczo\u015b\u0107 bard\u00f3w, czyli piosenkarzy b\u0119d\u0105cych zarazem autorami i kompozytorami w\u0142asnych utwor\u00f3w.<\/p>\n<p>OPPA 2025 &#8211; 41 MI\u0118DZYNARODOWY FESTIWAL BARD\u00d3W<br \/>\nodb\u0119dzie si\u0119 w dniach od 15. do 23. listopada 2025. OPPA sk\u0142ada si\u0119 z konkursu, koncert\u00f3w pozakonkursowych, recitali gwiazd i imprez towarzysz\u0105cych.<\/p>\n<p>15-16 listopada (sobota, niedziela) &#8211; P\u00d3\u0141FINA\u0141 I WIELKI FINA\u0141 KONKURSU<br \/>\nZg\u0142oszenia do konkursu przyjmujemy od 1 wrze\u015bnia do 25 pa\u017adziernika.<br \/>\n19 listopada (\u015broda) &#8211; &#8222;HOMMAGE \u00c0 CHARLES TRENET&#8221;<br \/>\n21 listopada (pi\u0105tek) &#8211; KONCERT GALOWY &#8222;PREMIERY I INTERPRETACJE&#8221;<br \/>\n25 listopada (wtorek) &#8211; oFF OPPA<\/p>","protected":false},"excerpt":{"rendered":"<p>41. Mi\u0119dzynarodowy Festiwal Bard\u00f3w OPPA 2025 \u2013 koncert galowy \u201ePremiery i interpretacje\u201d Dwucz\u0119\u015bciowy koncert, w kt\u00f3rym w pierwszej cz\u0119\u015bci bardessy i bardowie wyst\u0119puj\u0105 ze swoimi premierowymi piosenkami, a publiczno\u015b\u0107 wybiera najlepsz\u0105. Druga cz\u0119\u015b\u0107, to koncert z\u0142o\u017cony z piosenek s\u0142awnych bard\u00f3w zagranicznych w polskich wersjach j\u0119zykowych. Wyst\u0105pi\u0105: Justyna Bacz, Piotr Bakal, Jacek Gutry, Stanis\u0142aw Klawe, Przemys\u0142aw [&hellip;]<\/p>","protected":false},"author":12,"featured_media":77734,"comment_status":"closed","ping_status":"closed","template":"","meta":{"_eb_attr":"","footnotes":"","spc_primary_kategorie_wydarzen":-1,"spc_primary_kat_wydarzenia":-1},"kategorie_wydarzen":[807,496,478],"tagi_wydarzen":[1248,562],"kat_wydarzenia":[626,627],"wydarzenia_duplikat":[],"class_list":["post-77733","wydarzenia","type-wydarzenia","status-publish","has-post-thumbnail","hentry","kategorie_wydarzen-archiwum","kategorie_wydarzen-koncerty-muzyczne","kategorie_wydarzen-festiwale","tagi_wydarzen-bow_poi","tagi_wydarzen-muzyka","kat_wydarzenia-03-weekend","kat_wydarzenia-04-w-t-f"],"yoast_head":"<!-- This site is optimized with the Yoast SEO plugin v27.1.1 - https:\/\/yoast.com\/product\/yoast-seo-wordpress\/ -->\n<title>41. Mi\u0119dzynarodowy Festiwal Bard\u00f3w OPPA 2025 \u2013 koncert galowy \u201ePremiery i interpretacje\u201d - BestOfWarsaw | Przewodnik po Warszawie<\/title>\n<meta name=\"robots\" content=\"index, follow, max-snippet:-1, max-image-preview:large, max-video-preview:-1\" \/>\n<link rel=\"canonical\" href=\"https:\/\/bestofwarsaw.pl\/archiwum\/en\/events\/41-miedzynarodowy-festiwal-bardow-oppa-2025-koncert-galowy-premiery-i-interpretacje\/\" \/>\n<meta property=\"og:locale\" content=\"en_GB\" \/>\n<meta property=\"og:type\" content=\"article\" \/>\n<meta property=\"og:title\" content=\"41. Mi\u0119dzynarodowy Festiwal Bard\u00f3w OPPA 2025 \u2013 koncert galowy \u201ePremiery i interpretacje\u201d - BestOfWarsaw | Przewodnik po Warszawie\" \/>\n<meta property=\"og:description\" content=\"41. Mi\u0119dzynarodowy Festiwal Bard\u00f3w OPPA 2025 \u2013 koncert galowy \u201ePremiery i interpretacje\u201d Dwucz\u0119\u015bciowy koncert, w kt\u00f3rym w pierwszej cz\u0119\u015bci bardessy i bardowie wyst\u0119puj\u0105 ze swoimi premierowymi piosenkami, a publiczno\u015b\u0107 wybiera najlepsz\u0105. Druga cz\u0119\u015b\u0107, to koncert z\u0142o\u017cony z piosenek s\u0142awnych bard\u00f3w zagranicznych w polskich wersjach j\u0119zykowych. Wyst\u0105pi\u0105: Justyna Bacz, Piotr Bakal, Jacek Gutry, Stanis\u0142aw Klawe, Przemys\u0142aw [&hellip;]\" \/>\n<meta property=\"og:url\" content=\"https:\/\/bestofwarsaw.pl\/archiwum\/en\/events\/41-miedzynarodowy-festiwal-bardow-oppa-2025-koncert-galowy-premiery-i-interpretacje\/\" \/>\n<meta property=\"og:site_name\" content=\"BestOfWarsaw | Przewodnik po Warszawie\" \/>\n<meta name=\"twitter:card\" content=\"summary_large_image\" \/>\n<meta name=\"twitter:label1\" content=\"Estimated reading time\" \/>\n\t<meta name=\"twitter:data1\" content=\"1 minute\" \/>\n<script type=\"application\/ld+json\" class=\"yoast-schema-graph\">{\"@context\":\"https:\/\/schema.org\",\"@graph\":[{\"@type\":\"WebPage\",\"@id\":\"https:\/\/bestofwarsaw.pl\/archiwum\/wydarzenia\/41-miedzynarodowy-festiwal-bardow-oppa-2025-koncert-galowy-premiery-i-interpretacje\/\",\"url\":\"https:\/\/bestofwarsaw.pl\/archiwum\/wydarzenia\/41-miedzynarodowy-festiwal-bardow-oppa-2025-koncert-galowy-premiery-i-interpretacje\/\",\"name\":\"41. Mi\u0119dzynarodowy Festiwal Bard\u00f3w OPPA 2025 \u2013 koncert galowy \u201ePremiery i interpretacje\u201d - BestOfWarsaw | Przewodnik po Warszawie\",\"isPartOf\":{\"@id\":\"https:\/\/bestofwarsaw.pl\/archiwum\/#website\"},\"primaryImageOfPage\":{\"@id\":\"https:\/\/bestofwarsaw.pl\/archiwum\/wydarzenia\/41-miedzynarodowy-festiwal-bardow-oppa-2025-koncert-galowy-premiery-i-interpretacje\/#primaryimage\"},\"image\":{\"@id\":\"https:\/\/bestofwarsaw.pl\/archiwum\/wydarzenia\/41-miedzynarodowy-festiwal-bardow-oppa-2025-koncert-galowy-premiery-i-interpretacje\/#primaryimage\"},\"thumbnailUrl\":\"\",\"datePublished\":\"2025-10-28T14:03:56+00:00\",\"breadcrumb\":{\"@id\":\"https:\/\/bestofwarsaw.pl\/archiwum\/wydarzenia\/41-miedzynarodowy-festiwal-bardow-oppa-2025-koncert-galowy-premiery-i-interpretacje\/#breadcrumb\"},\"inLanguage\":\"en-GB\",\"potentialAction\":[{\"@type\":\"ReadAction\",\"target\":[\"https:\/\/bestofwarsaw.pl\/archiwum\/wydarzenia\/41-miedzynarodowy-festiwal-bardow-oppa-2025-koncert-galowy-premiery-i-interpretacje\/\"]}]},{\"@type\":\"ImageObject\",\"inLanguage\":\"en-GB\",\"@id\":\"https:\/\/bestofwarsaw.pl\/archiwum\/wydarzenia\/41-miedzynarodowy-festiwal-bardow-oppa-2025-koncert-galowy-premiery-i-interpretacje\/#primaryimage\",\"url\":\"\",\"contentUrl\":\"\"},{\"@type\":\"BreadcrumbList\",\"@id\":\"https:\/\/bestofwarsaw.pl\/archiwum\/wydarzenia\/41-miedzynarodowy-festiwal-bardow-oppa-2025-koncert-galowy-premiery-i-interpretacje\/#breadcrumb\",\"itemListElement\":[{\"@type\":\"ListItem\",\"position\":1,\"name\":\"BestOfWarsaw\",\"item\":\"https:\/\/bestofwarsaw.pl\/archiwum\/\"},{\"@type\":\"ListItem\",\"position\":2,\"name\":\"Wydarzenia\",\"item\":\"https:\/\/bestofwarsaw.pl\/archiwum\/pl\/wydarzenia\/?ucterms=post_type:wydarzenia\"},{\"@type\":\"ListItem\",\"position\":3,\"name\":\"41. Mi\u0119dzynarodowy Festiwal Bard\u00f3w OPPA 2025 \u2013 koncert galowy \u201ePremiery i interpretacje\u201d\"}]},{\"@type\":\"WebSite\",\"@id\":\"https:\/\/bestofwarsaw.pl\/archiwum\/#website\",\"url\":\"https:\/\/bestofwarsaw.pl\/archiwum\/\",\"name\":\"BestOfWarsaw | Przewodnik po Warszawie\",\"description\":\"\",\"publisher\":{\"@id\":\"https:\/\/bestofwarsaw.pl\/archiwum\/#organization\"},\"potentialAction\":[{\"@type\":\"SearchAction\",\"target\":{\"@type\":\"EntryPoint\",\"urlTemplate\":\"https:\/\/bestofwarsaw.pl\/archiwum\/?s={search_term_string}\"},\"query-input\":{\"@type\":\"PropertyValueSpecification\",\"valueRequired\":true,\"valueName\":\"search_term_string\"}}],\"inLanguage\":\"en-GB\"},{\"@type\":\"Organization\",\"@id\":\"https:\/\/bestofwarsaw.pl\/archiwum\/#organization\",\"name\":\"BestOfWarsaw | Przewodnik po Warszawie\",\"url\":\"https:\/\/bestofwarsaw.pl\/archiwum\/\",\"logo\":{\"@type\":\"ImageObject\",\"inLanguage\":\"en-GB\",\"@id\":\"https:\/\/bestofwarsaw.pl\/archiwum\/#\/schema\/logo\/image\/\",\"url\":\"https:\/\/bestofwarsaw.pl\/archiwum\/wp-content\/uploads\/2024\/05\/bofw-logo.svg\",\"contentUrl\":\"https:\/\/bestofwarsaw.pl\/archiwum\/wp-content\/uploads\/2024\/05\/bofw-logo.svg\",\"width\":259.5,\"height\":43.3,\"caption\":\"BestOfWarsaw | Przewodnik po Warszawie\"},\"image\":{\"@id\":\"https:\/\/bestofwarsaw.pl\/archiwum\/#\/schema\/logo\/image\/\"}}]}<\/script>\n<!-- \/ Yoast SEO plugin. -->","yoast_head_json":{"title":"41. Mi\u0119dzynarodowy Festiwal Bard\u00f3w OPPA 2025 \u2013 koncert galowy \u201ePremiery i interpretacje\u201d - BestOfWarsaw | Przewodnik po Warszawie","robots":{"index":"index","follow":"follow","max-snippet":"max-snippet:-1","max-image-preview":"max-image-preview:large","max-video-preview":"max-video-preview:-1"},"canonical":"https:\/\/bestofwarsaw.pl\/archiwum\/en\/events\/41-miedzynarodowy-festiwal-bardow-oppa-2025-koncert-galowy-premiery-i-interpretacje\/","og_locale":"en_GB","og_type":"article","og_title":"41. Mi\u0119dzynarodowy Festiwal Bard\u00f3w OPPA 2025 \u2013 koncert galowy \u201ePremiery i interpretacje\u201d - BestOfWarsaw | Przewodnik po Warszawie","og_description":"41. Mi\u0119dzynarodowy Festiwal Bard\u00f3w OPPA 2025 \u2013 koncert galowy \u201ePremiery i interpretacje\u201d Dwucz\u0119\u015bciowy koncert, w kt\u00f3rym w pierwszej cz\u0119\u015bci bardessy i bardowie wyst\u0119puj\u0105 ze swoimi premierowymi piosenkami, a publiczno\u015b\u0107 wybiera najlepsz\u0105. Druga cz\u0119\u015b\u0107, to koncert z\u0142o\u017cony z piosenek s\u0142awnych bard\u00f3w zagranicznych w polskich wersjach j\u0119zykowych. Wyst\u0105pi\u0105: Justyna Bacz, Piotr Bakal, Jacek Gutry, Stanis\u0142aw Klawe, Przemys\u0142aw [&hellip;]","og_url":"https:\/\/bestofwarsaw.pl\/archiwum\/en\/events\/41-miedzynarodowy-festiwal-bardow-oppa-2025-koncert-galowy-premiery-i-interpretacje\/","og_site_name":"BestOfWarsaw | Przewodnik po Warszawie","twitter_card":"summary_large_image","twitter_misc":{"Estimated reading time":"1 minute"},"schema":{"@context":"https:\/\/schema.org","@graph":[{"@type":"WebPage","@id":"https:\/\/bestofwarsaw.pl\/archiwum\/wydarzenia\/41-miedzynarodowy-festiwal-bardow-oppa-2025-koncert-galowy-premiery-i-interpretacje\/","url":"https:\/\/bestofwarsaw.pl\/archiwum\/wydarzenia\/41-miedzynarodowy-festiwal-bardow-oppa-2025-koncert-galowy-premiery-i-interpretacje\/","name":"41. Mi\u0119dzynarodowy Festiwal Bard\u00f3w OPPA 2025 \u2013 koncert galowy \u201ePremiery i interpretacje\u201d - BestOfWarsaw | Przewodnik po Warszawie","isPartOf":{"@id":"https:\/\/bestofwarsaw.pl\/archiwum\/#website"},"primaryImageOfPage":{"@id":"https:\/\/bestofwarsaw.pl\/archiwum\/wydarzenia\/41-miedzynarodowy-festiwal-bardow-oppa-2025-koncert-galowy-premiery-i-interpretacje\/#primaryimage"},"image":{"@id":"https:\/\/bestofwarsaw.pl\/archiwum\/wydarzenia\/41-miedzynarodowy-festiwal-bardow-oppa-2025-koncert-galowy-premiery-i-interpretacje\/#primaryimage"},"thumbnailUrl":"","datePublished":"2025-10-28T14:03:56+00:00","breadcrumb":{"@id":"https:\/\/bestofwarsaw.pl\/archiwum\/wydarzenia\/41-miedzynarodowy-festiwal-bardow-oppa-2025-koncert-galowy-premiery-i-interpretacje\/#breadcrumb"},"inLanguage":"en-GB","potentialAction":[{"@type":"ReadAction","target":["https:\/\/bestofwarsaw.pl\/archiwum\/wydarzenia\/41-miedzynarodowy-festiwal-bardow-oppa-2025-koncert-galowy-premiery-i-interpretacje\/"]}]},{"@type":"ImageObject","inLanguage":"en-GB","@id":"https:\/\/bestofwarsaw.pl\/archiwum\/wydarzenia\/41-miedzynarodowy-festiwal-bardow-oppa-2025-koncert-galowy-premiery-i-interpretacje\/#primaryimage","url":"","contentUrl":""},{"@type":"BreadcrumbList","@id":"https:\/\/bestofwarsaw.pl\/archiwum\/wydarzenia\/41-miedzynarodowy-festiwal-bardow-oppa-2025-koncert-galowy-premiery-i-interpretacje\/#breadcrumb","itemListElement":[{"@type":"ListItem","position":1,"name":"BestOfWarsaw","item":"https:\/\/bestofwarsaw.pl\/archiwum\/"},{"@type":"ListItem","position":2,"name":"Wydarzenia","item":"https:\/\/bestofwarsaw.pl\/archiwum\/pl\/wydarzenia\/?ucterms=post_type:wydarzenia"},{"@type":"ListItem","position":3,"name":"41. Mi\u0119dzynarodowy Festiwal Bard\u00f3w OPPA 2025 \u2013 koncert galowy \u201ePremiery i interpretacje\u201d"}]},{"@type":"WebSite","@id":"https:\/\/bestofwarsaw.pl\/archiwum\/#website","url":"https:\/\/bestofwarsaw.pl\/archiwum\/","name":"BestOfWarsaw | Guide to Warsaw","description":"","publisher":{"@id":"https:\/\/bestofwarsaw.pl\/archiwum\/#organization"},"potentialAction":[{"@type":"SearchAction","target":{"@type":"EntryPoint","urlTemplate":"https:\/\/bestofwarsaw.pl\/archiwum\/?s={search_term_string}"},"query-input":{"@type":"PropertyValueSpecification","valueRequired":true,"valueName":"search_term_string"}}],"inLanguage":"en-GB"},{"@type":"Organization","@id":"https:\/\/bestofwarsaw.pl\/archiwum\/#organization","name":"BestOfWarsaw | Guide to Warsaw","url":"https:\/\/bestofwarsaw.pl\/archiwum\/","logo":{"@type":"ImageObject","inLanguage":"en-GB","@id":"https:\/\/bestofwarsaw.pl\/archiwum\/#\/schema\/logo\/image\/","url":"https:\/\/bestofwarsaw.pl\/archiwum\/wp-content\/uploads\/2024\/05\/bofw-logo.svg","contentUrl":"https:\/\/bestofwarsaw.pl\/archiwum\/wp-content\/uploads\/2024\/05\/bofw-logo.svg","width":259.5,"height":43.3,"caption":"BestOfWarsaw | Przewodnik po Warszawie"},"image":{"@id":"https:\/\/bestofwarsaw.pl\/archiwum\/#\/schema\/logo\/image\/"}}]}},"_links":{"self":[{"href":"https:\/\/bestofwarsaw.pl\/archiwum\/en\/wp-json\/wp\/v2\/wydarzenia\/77733","targetHints":{"allow":["GET"]}}],"collection":[{"href":"https:\/\/bestofwarsaw.pl\/archiwum\/en\/wp-json\/wp\/v2\/wydarzenia"}],"about":[{"href":"https:\/\/bestofwarsaw.pl\/archiwum\/en\/wp-json\/wp\/v2\/types\/wydarzenia"}],"author":[{"embeddable":true,"href":"https:\/\/bestofwarsaw.pl\/archiwum\/en\/wp-json\/wp\/v2\/users\/12"}],"replies":[{"embeddable":true,"href":"https:\/\/bestofwarsaw.pl\/archiwum\/en\/wp-json\/wp\/v2\/comments?post=77733"}],"version-history":[{"count":0,"href":"https:\/\/bestofwarsaw.pl\/archiwum\/en\/wp-json\/wp\/v2\/wydarzenia\/77733\/revisions"}],"wp:featuredmedia":[{"embeddable":true,"href":"https:\/\/bestofwarsaw.pl\/archiwum\/en\/wp-json\/"}],"wp:attachment":[{"href":"https:\/\/bestofwarsaw.pl\/archiwum\/en\/wp-json\/wp\/v2\/media?parent=77733"}],"wp:term":[{"taxonomy":"kategorie_wydarzen","embeddable":true,"href":"https:\/\/bestofwarsaw.pl\/archiwum\/en\/wp-json\/wp\/v2\/kategorie_wydarzen?post=77733"},{"taxonomy":"tagi_wydarzen","embeddable":true,"href":"https:\/\/bestofwarsaw.pl\/archiwum\/en\/wp-json\/wp\/v2\/tagi_wydarzen?post=77733"},{"taxonomy":"kat_wydarzenia","embeddable":true,"href":"https:\/\/bestofwarsaw.pl\/archiwum\/en\/wp-json\/wp\/v2\/kat_wydarzenia?post=77733"},{"taxonomy":"wydarzenia_duplikat","embeddable":true,"href":"https:\/\/bestofwarsaw.pl\/archiwum\/en\/wp-json\/wp\/v2\/wydarzenia_duplikat?post=77733"}],"curies":[{"name":"wp","href":"https:\/\/api.w.org\/{rel}","templated":true}]}}