{"id":22156,"date":"2025-01-07T14:17:56","date_gmt":"2025-01-07T12:17:56","guid":{"rendered":"https:\/\/bestofwarsaw.pl\/archiwum\/wydarzenia\/wystawa-immersyjna-dali-cybernetics-immersyjna-podroz-w-glab-genialnego-umyslu-salvadora-dali\/"},"modified":"2025-01-07T14:17:56","modified_gmt":"2025-01-07T12:17:56","slug":"immersive-exhibition-dali-cybernetics-immersive-journey-into-the-brilliant-mind-of-salvador-dali","status":"publish","type":"wydarzenia","link":"https:\/\/bestofwarsaw.pl\/archiwum\/en\/events\/immersive-exhibition-dali-cybernetics-immersive-journey-into-the-brilliant-mind-of-salvador-dali\/","title":{"rendered":"The immersive exhibition \"Dali Cybernetics. An Immersive Journey into the Brilliant Mind of Salvador Dali\"."},"content":{"rendered":"<p>A remarkable new multisensory exhibition - DAL\u00cd CYBERNETICS - will be launched at the Art Box Experience at the Norblin Factory on 13 September. This is the first modern immersive experience of Salvador Dali's works in Poland, featuring his interpretation of parallel universes, quantum physics, the fourth dimension, sacred geometry or DNA sequencing. Tickets are now available for pre-sale at ticketmaster.co.uk.<\/p>\n<p>DAL\u00cd CYBERNETICS is an exciting journey through Dali's most famous works from a completely new perspective. The poetic and dreamlike universe of the artist meets large-format projections, interactive installations, holograms, virtual reality and artificial intelligence. A journey into the mind of the Catalan artist reveals the extent to which the brilliance of his works stemmed from an open, provocative and scientific way of thinking, as well as his fascination with the theory of relativity and the fourth dimension.<\/p>\n<p>This year marks the 120th anniversary of the birth of an artist known for his eccentric style, both in art and in everyday life. We all associate the Catalan artist's distinctive moustache, but not everyone is aware of what his genius stemmed from.<\/p>\n<p>The artist's way of thinking and selected works, including Persistence of Memory, Galatea of the Spheres and Burning Giraffes, will be explored in the immersive exhibition 'Dal\u00ed Cybernetics' available to the public from 13 September to 31 December 2024. <\/p>\n<p>The project was created in collaboration with the Gala Salvador Dal\u00ed Foundation, which conducted extensive research specifically for this exhibition focusing on embedding the artist's work in the digital art world. The curators of the exhibition, Imma Fondevila and Anna Pou - worked closely with the research centre on the artist's work at the Dal\u00ed Foundation. The art installations covering 800 square metres are the work of Layers of Reality and Exhibition Hub, and the soundtrack of the exhibition was composed by Rafel Plana.<\/p>\n<p>Venue: Art Box Experience, Norblin Factory,<br \/>\nMon. - Thurs. 9 a.m. to 8 p.m., last entry at 7 p.m.; Fri. 9 a.m. to 9 p.m., last entry at 8 p.m.; weekend 10 a.m. to 9 p.m.<\/p>\n<p>You are welcome!<\/p>","protected":false},"excerpt":{"rendered":"<p>A remarkable new multisensory exhibition - DAL\u00cd CYBERNETICS - will be launched at the Art Box Experience at the Norblin Factory on 13 September. This is the first modern immersive experience of Salvador Dali's works in Poland, featuring his interpretation of parallel universes, quantum physics, the fourth dimension, sacred geometry or DNA sequencing. Tickets are now available for pre-sale at ticketmaster.co.uk.<\/p>","protected":false},"author":12,"featured_media":22157,"comment_status":"","ping_status":"closed","template":"","meta":{"_eb_attr":"","footnotes":"","spc_primary_kategorie_wydarzen":0,"spc_primary_kat_wydarzenia":0},"kategorie_wydarzen":[807,494],"tagi_wydarzen":[805,607],"kat_wydarzenia":[628],"wydarzenia_duplikat":[],"class_list":["post-22156","wydarzenia","type-wydarzenia","status-publish","has-post-thumbnail","hentry","kategorie_wydarzen-archiwum","kategorie_wydarzen-wystawy","tagi_wydarzen-sztuki-wizualne","tagi_wydarzen-wystawa-czasowa","kat_wydarzenia-05-wybrane"],"yoast_head":"<!-- This site is optimized with the Yoast SEO plugin v27.1.1 - https:\/\/yoast.com\/product\/yoast-seo-wordpress\/ -->\n<title>Wystawa immersyjna &quot;Dali Cybernetics. Immersyjna Podr\u00f3\u017c w g\u0142\u0105b Genialnego Umys\u0142u Salvadora Dali&quot; - BestOfWarsaw | Przewodnik po Warszawie<\/title>\n<meta name=\"robots\" content=\"index, follow, max-snippet:-1, max-image-preview:large, max-video-preview:-1\" \/>\n<link rel=\"canonical\" href=\"https:\/\/bestofwarsaw.pl\/archiwum\/en\/events\/immersive-exhibition-dali-cybernetics-immersive-journey-into-the-brilliant-mind-of-salvador-dali\/\" \/>\n<meta property=\"og:locale\" content=\"en_GB\" \/>\n<meta property=\"og:type\" content=\"article\" \/>\n<meta property=\"og:title\" content=\"Wystawa immersyjna &quot;Dali Cybernetics. Immersyjna Podr\u00f3\u017c w g\u0142\u0105b Genialnego Umys\u0142u Salvadora Dali&quot; - BestOfWarsaw | Przewodnik po Warszawie\" \/>\n<meta property=\"og:description\" content=\"Ju\u017c 13 wrze\u015bnia w Art Box Experience w Fabryce Norblina wystartuje nowa, niezwyk\u0142a wystawa multisensoryczna \u2013 DAL\u00cd CYBERNETICS. To pierwsze w Polsce, nowoczesne, immersyjne do\u015bwiadczenie dzie\u0142 Salvadora Dalego, w kt\u00f3rych znajdziemy jego interpretacj\u0119 r\u00f3wnoleg\u0142ych wszech\u015bwiat\u00f3w, fizyki kwantowej, czwartego wymiaru, \u015bwi\u0119tej geometrii czy sekwencjonowania DNA. Bilety s\u0105 ju\u017c dost\u0119pne w przedsprzeda\u017cy na ticketmaster.pl. DAL\u00cd CYBERNETICS to [&hellip;]\" \/>\n<meta property=\"og:url\" content=\"https:\/\/bestofwarsaw.pl\/archiwum\/en\/events\/immersive-exhibition-dali-cybernetics-immersive-journey-into-the-brilliant-mind-of-salvador-dali\/\" \/>\n<meta property=\"og:site_name\" content=\"BestOfWarsaw | Przewodnik po Warszawie\" \/>\n<meta name=\"twitter:card\" content=\"summary_large_image\" \/>\n<meta name=\"twitter:label1\" content=\"Estimated reading time\" \/>\n\t<meta name=\"twitter:data1\" content=\"2 minutes\" \/>\n<script type=\"application\/ld+json\" class=\"yoast-schema-graph\">{\"@context\":\"https:\/\/schema.org\",\"@graph\":[{\"@type\":\"WebPage\",\"@id\":\"https:\/\/bestofwarsaw.pl\/archiwum\/wydarzenia\/wystawa-immersyjna-dali-cybernetics-immersyjna-podroz-w-glab-genialnego-umyslu-salvadora-dali\/\",\"url\":\"https:\/\/bestofwarsaw.pl\/archiwum\/wydarzenia\/wystawa-immersyjna-dali-cybernetics-immersyjna-podroz-w-glab-genialnego-umyslu-salvadora-dali\/\",\"name\":\"Wystawa immersyjna \\\"Dali Cybernetics. Immersyjna Podr\u00f3\u017c w g\u0142\u0105b Genialnego Umys\u0142u Salvadora Dali\\\" - BestOfWarsaw | Przewodnik po Warszawie\",\"isPartOf\":{\"@id\":\"https:\/\/bestofwarsaw.pl\/archiwum\/#website\"},\"primaryImageOfPage\":{\"@id\":\"https:\/\/bestofwarsaw.pl\/archiwum\/wydarzenia\/wystawa-immersyjna-dali-cybernetics-immersyjna-podroz-w-glab-genialnego-umyslu-salvadora-dali\/#primaryimage\"},\"image\":{\"@id\":\"https:\/\/bestofwarsaw.pl\/archiwum\/wydarzenia\/wystawa-immersyjna-dali-cybernetics-immersyjna-podroz-w-glab-genialnego-umyslu-salvadora-dali\/#primaryimage\"},\"thumbnailUrl\":\"https:\/\/bestofwarsaw.pl\/archiwum\/wp-content\/uploads\/2025\/01\/1725892259829.jpeg\",\"datePublished\":\"2025-01-07T12:17:56+00:00\",\"breadcrumb\":{\"@id\":\"https:\/\/bestofwarsaw.pl\/archiwum\/wydarzenia\/wystawa-immersyjna-dali-cybernetics-immersyjna-podroz-w-glab-genialnego-umyslu-salvadora-dali\/#breadcrumb\"},\"inLanguage\":\"en-GB\",\"potentialAction\":[{\"@type\":\"ReadAction\",\"target\":[\"https:\/\/bestofwarsaw.pl\/archiwum\/wydarzenia\/wystawa-immersyjna-dali-cybernetics-immersyjna-podroz-w-glab-genialnego-umyslu-salvadora-dali\/\"]}]},{\"@type\":\"ImageObject\",\"inLanguage\":\"en-GB\",\"@id\":\"https:\/\/bestofwarsaw.pl\/archiwum\/wydarzenia\/wystawa-immersyjna-dali-cybernetics-immersyjna-podroz-w-glab-genialnego-umyslu-salvadora-dali\/#primaryimage\",\"url\":\"https:\/\/bestofwarsaw.pl\/archiwum\/wp-content\/uploads\/2025\/01\/1725892259829.jpeg\",\"contentUrl\":\"https:\/\/bestofwarsaw.pl\/archiwum\/wp-content\/uploads\/2025\/01\/1725892259829.jpeg\",\"width\":1005,\"height\":576},{\"@type\":\"BreadcrumbList\",\"@id\":\"https:\/\/bestofwarsaw.pl\/archiwum\/wydarzenia\/wystawa-immersyjna-dali-cybernetics-immersyjna-podroz-w-glab-genialnego-umyslu-salvadora-dali\/#breadcrumb\",\"itemListElement\":[{\"@type\":\"ListItem\",\"position\":1,\"name\":\"BestOfWarsaw\",\"item\":\"https:\/\/bestofwarsaw.pl\/archiwum\/\"},{\"@type\":\"ListItem\",\"position\":2,\"name\":\"Wydarzenia\",\"item\":\"https:\/\/bestofwarsaw.pl\/archiwum\/pl\/wydarzenia\/?ucterms=post_type:wydarzenia\"},{\"@type\":\"ListItem\",\"position\":3,\"name\":\"Wystawy | Targi | Festiwale\",\"item\":\"https:\/\/bestofwarsaw.pl\/archiwum\/kat-wydarzen\/wystawy-targi-festiwale\/?ucterms=kategorie_wydarzen:wystawy-targi-festiwale.*\"},{\"@type\":\"ListItem\",\"position\":4,\"name\":\"Wystawy\",\"item\":\"https:\/\/bestofwarsaw.pl\/archiwum\/kat-wydarzen\/wystawy\/?ucterms=kategorie_wydarzen:wystawy-targi-festiwale.wystawy.*\"},{\"@type\":\"ListItem\",\"position\":5,\"name\":\"Wystawa immersyjna &#8222;Dali Cybernetics. Immersyjna Podr\u00f3\u017c w g\u0142\u0105b Genialnego Umys\u0142u Salvadora Dali&#8221;\"}]},{\"@type\":\"WebSite\",\"@id\":\"https:\/\/bestofwarsaw.pl\/archiwum\/#website\",\"url\":\"https:\/\/bestofwarsaw.pl\/archiwum\/\",\"name\":\"BestOfWarsaw | Przewodnik po Warszawie\",\"description\":\"\",\"publisher\":{\"@id\":\"https:\/\/bestofwarsaw.pl\/archiwum\/#organization\"},\"potentialAction\":[{\"@type\":\"SearchAction\",\"target\":{\"@type\":\"EntryPoint\",\"urlTemplate\":\"https:\/\/bestofwarsaw.pl\/archiwum\/?s={search_term_string}\"},\"query-input\":{\"@type\":\"PropertyValueSpecification\",\"valueRequired\":true,\"valueName\":\"search_term_string\"}}],\"inLanguage\":\"en-GB\"},{\"@type\":\"Organization\",\"@id\":\"https:\/\/bestofwarsaw.pl\/archiwum\/#organization\",\"name\":\"BestOfWarsaw | Przewodnik po Warszawie\",\"url\":\"https:\/\/bestofwarsaw.pl\/archiwum\/\",\"logo\":{\"@type\":\"ImageObject\",\"inLanguage\":\"en-GB\",\"@id\":\"https:\/\/bestofwarsaw.pl\/archiwum\/#\/schema\/logo\/image\/\",\"url\":\"https:\/\/bestofwarsaw.pl\/archiwum\/wp-content\/uploads\/2024\/05\/bofw-logo.svg\",\"contentUrl\":\"https:\/\/bestofwarsaw.pl\/archiwum\/wp-content\/uploads\/2024\/05\/bofw-logo.svg\",\"width\":259.5,\"height\":43.3,\"caption\":\"BestOfWarsaw | Przewodnik po Warszawie\"},\"image\":{\"@id\":\"https:\/\/bestofwarsaw.pl\/archiwum\/#\/schema\/logo\/image\/\"}}]}<\/script>\n<!-- \/ Yoast SEO plugin. -->","yoast_head_json":{"title":"Immersive exhibition Dali Cybernetics. An Immersive Journey into the Brilliant Mind of Salvador Dali - BestOfWarsaw | Warsaw Guide","robots":{"index":"index","follow":"follow","max-snippet":"max-snippet:-1","max-image-preview":"max-image-preview:large","max-video-preview":"max-video-preview:-1"},"canonical":"https:\/\/bestofwarsaw.pl\/archiwum\/en\/events\/immersive-exhibition-dali-cybernetics-immersive-journey-into-the-brilliant-mind-of-salvador-dali\/","og_locale":"en_GB","og_type":"article","og_title":"Wystawa immersyjna \"Dali Cybernetics. Immersyjna Podr\u00f3\u017c w g\u0142\u0105b Genialnego Umys\u0142u Salvadora Dali\" - BestOfWarsaw | Przewodnik po Warszawie","og_description":"Ju\u017c 13 wrze\u015bnia w Art Box Experience w Fabryce Norblina wystartuje nowa, niezwyk\u0142a wystawa multisensoryczna \u2013 DAL\u00cd CYBERNETICS. To pierwsze w Polsce, nowoczesne, immersyjne do\u015bwiadczenie dzie\u0142 Salvadora Dalego, w kt\u00f3rych znajdziemy jego interpretacj\u0119 r\u00f3wnoleg\u0142ych wszech\u015bwiat\u00f3w, fizyki kwantowej, czwartego wymiaru, \u015bwi\u0119tej geometrii czy sekwencjonowania DNA. Bilety s\u0105 ju\u017c dost\u0119pne w przedsprzeda\u017cy na ticketmaster.pl. DAL\u00cd CYBERNETICS to [&hellip;]","og_url":"https:\/\/bestofwarsaw.pl\/archiwum\/en\/events\/immersive-exhibition-dali-cybernetics-immersive-journey-into-the-brilliant-mind-of-salvador-dali\/","og_site_name":"BestOfWarsaw | Przewodnik po Warszawie","twitter_card":"summary_large_image","twitter_misc":{"Estimated reading time":"2 minutes"},"schema":{"@context":"https:\/\/schema.org","@graph":[{"@type":"WebPage","@id":"https:\/\/bestofwarsaw.pl\/archiwum\/wydarzenia\/wystawa-immersyjna-dali-cybernetics-immersyjna-podroz-w-glab-genialnego-umyslu-salvadora-dali\/","url":"https:\/\/bestofwarsaw.pl\/archiwum\/wydarzenia\/wystawa-immersyjna-dali-cybernetics-immersyjna-podroz-w-glab-genialnego-umyslu-salvadora-dali\/","name":"Immersive exhibition Dali Cybernetics. An Immersive Journey into the Brilliant Mind of Salvador Dali - BestOfWarsaw | Warsaw Guide","isPartOf":{"@id":"https:\/\/bestofwarsaw.pl\/archiwum\/#website"},"primaryImageOfPage":{"@id":"https:\/\/bestofwarsaw.pl\/archiwum\/wydarzenia\/wystawa-immersyjna-dali-cybernetics-immersyjna-podroz-w-glab-genialnego-umyslu-salvadora-dali\/#primaryimage"},"image":{"@id":"https:\/\/bestofwarsaw.pl\/archiwum\/wydarzenia\/wystawa-immersyjna-dali-cybernetics-immersyjna-podroz-w-glab-genialnego-umyslu-salvadora-dali\/#primaryimage"},"thumbnailUrl":"https:\/\/bestofwarsaw.pl\/archiwum\/wp-content\/uploads\/2025\/01\/1725892259829.jpeg","datePublished":"2025-01-07T12:17:56+00:00","breadcrumb":{"@id":"https:\/\/bestofwarsaw.pl\/archiwum\/wydarzenia\/wystawa-immersyjna-dali-cybernetics-immersyjna-podroz-w-glab-genialnego-umyslu-salvadora-dali\/#breadcrumb"},"inLanguage":"en-GB","potentialAction":[{"@type":"ReadAction","target":["https:\/\/bestofwarsaw.pl\/archiwum\/wydarzenia\/wystawa-immersyjna-dali-cybernetics-immersyjna-podroz-w-glab-genialnego-umyslu-salvadora-dali\/"]}]},{"@type":"ImageObject","inLanguage":"en-GB","@id":"https:\/\/bestofwarsaw.pl\/archiwum\/wydarzenia\/wystawa-immersyjna-dali-cybernetics-immersyjna-podroz-w-glab-genialnego-umyslu-salvadora-dali\/#primaryimage","url":"https:\/\/bestofwarsaw.pl\/archiwum\/wp-content\/uploads\/2025\/01\/1725892259829.jpeg","contentUrl":"https:\/\/bestofwarsaw.pl\/archiwum\/wp-content\/uploads\/2025\/01\/1725892259829.jpeg","width":1005,"height":576},{"@type":"BreadcrumbList","@id":"https:\/\/bestofwarsaw.pl\/archiwum\/wydarzenia\/wystawa-immersyjna-dali-cybernetics-immersyjna-podroz-w-glab-genialnego-umyslu-salvadora-dali\/#breadcrumb","itemListElement":[{"@type":"ListItem","position":1,"name":"BestOfWarsaw","item":"https:\/\/bestofwarsaw.pl\/archiwum\/"},{"@type":"ListItem","position":2,"name":"Wydarzenia","item":"https:\/\/bestofwarsaw.pl\/archiwum\/pl\/wydarzenia\/?ucterms=post_type:wydarzenia"},{"@type":"ListItem","position":3,"name":"Wystawy | Targi | Festiwale","item":"https:\/\/bestofwarsaw.pl\/archiwum\/kat-wydarzen\/wystawy-targi-festiwale\/?ucterms=kategorie_wydarzen:wystawy-targi-festiwale.*"},{"@type":"ListItem","position":4,"name":"Wystawy","item":"https:\/\/bestofwarsaw.pl\/archiwum\/kat-wydarzen\/wystawy\/?ucterms=kategorie_wydarzen:wystawy-targi-festiwale.wystawy.*"},{"@type":"ListItem","position":5,"name":"Wystawa immersyjna &#8222;Dali Cybernetics. Immersyjna Podr\u00f3\u017c w g\u0142\u0105b Genialnego Umys\u0142u Salvadora Dali&#8221;"}]},{"@type":"WebSite","@id":"https:\/\/bestofwarsaw.pl\/archiwum\/#website","url":"https:\/\/bestofwarsaw.pl\/archiwum\/","name":"BestOfWarsaw | Guide to Warsaw","description":"","publisher":{"@id":"https:\/\/bestofwarsaw.pl\/archiwum\/#organization"},"potentialAction":[{"@type":"SearchAction","target":{"@type":"EntryPoint","urlTemplate":"https:\/\/bestofwarsaw.pl\/archiwum\/?s={search_term_string}"},"query-input":{"@type":"PropertyValueSpecification","valueRequired":true,"valueName":"search_term_string"}}],"inLanguage":"en-GB"},{"@type":"Organization","@id":"https:\/\/bestofwarsaw.pl\/archiwum\/#organization","name":"BestOfWarsaw | Guide to Warsaw","url":"https:\/\/bestofwarsaw.pl\/archiwum\/","logo":{"@type":"ImageObject","inLanguage":"en-GB","@id":"https:\/\/bestofwarsaw.pl\/archiwum\/#\/schema\/logo\/image\/","url":"https:\/\/bestofwarsaw.pl\/archiwum\/wp-content\/uploads\/2024\/05\/bofw-logo.svg","contentUrl":"https:\/\/bestofwarsaw.pl\/archiwum\/wp-content\/uploads\/2024\/05\/bofw-logo.svg","width":259.5,"height":43.3,"caption":"BestOfWarsaw | Przewodnik po Warszawie"},"image":{"@id":"https:\/\/bestofwarsaw.pl\/archiwum\/#\/schema\/logo\/image\/"}}]}},"_links":{"self":[{"href":"https:\/\/bestofwarsaw.pl\/archiwum\/en\/wp-json\/wp\/v2\/wydarzenia\/22156","targetHints":{"allow":["GET"]}}],"collection":[{"href":"https:\/\/bestofwarsaw.pl\/archiwum\/en\/wp-json\/wp\/v2\/wydarzenia"}],"about":[{"href":"https:\/\/bestofwarsaw.pl\/archiwum\/en\/wp-json\/wp\/v2\/types\/wydarzenia"}],"author":[{"embeddable":true,"href":"https:\/\/bestofwarsaw.pl\/archiwum\/en\/wp-json\/wp\/v2\/users\/12"}],"replies":[{"embeddable":true,"href":"https:\/\/bestofwarsaw.pl\/archiwum\/en\/wp-json\/wp\/v2\/comments?post=22156"}],"version-history":[{"count":0,"href":"https:\/\/bestofwarsaw.pl\/archiwum\/en\/wp-json\/wp\/v2\/wydarzenia\/22156\/revisions"}],"wp:featuredmedia":[{"embeddable":true,"href":"https:\/\/bestofwarsaw.pl\/archiwum\/en\/wp-json\/wp\/v2\/media\/22157"}],"wp:attachment":[{"href":"https:\/\/bestofwarsaw.pl\/archiwum\/en\/wp-json\/wp\/v2\/media?parent=22156"}],"wp:term":[{"taxonomy":"kategorie_wydarzen","embeddable":true,"href":"https:\/\/bestofwarsaw.pl\/archiwum\/en\/wp-json\/wp\/v2\/kategorie_wydarzen?post=22156"},{"taxonomy":"tagi_wydarzen","embeddable":true,"href":"https:\/\/bestofwarsaw.pl\/archiwum\/en\/wp-json\/wp\/v2\/tagi_wydarzen?post=22156"},{"taxonomy":"kat_wydarzenia","embeddable":true,"href":"https:\/\/bestofwarsaw.pl\/archiwum\/en\/wp-json\/wp\/v2\/kat_wydarzenia?post=22156"},{"taxonomy":"wydarzenia_duplikat","embeddable":true,"href":"https:\/\/bestofwarsaw.pl\/archiwum\/en\/wp-json\/wp\/v2\/wydarzenia_duplikat?post=22156"}],"curies":[{"name":"wp","href":"https:\/\/api.w.org\/{rel}","templated":true}]}}