{"id":22156,"date":"2025-01-07T14:17:56","date_gmt":"2025-01-07T12:17:56","guid":{"rendered":"https:\/\/bestofwarsaw.pl\/archiwum\/wydarzenia\/wystawa-immersyjna-dali-cybernetics-immersyjna-podroz-w-glab-genialnego-umyslu-salvadora-dali\/"},"modified":"2025-01-07T14:17:56","modified_gmt":"2025-01-07T12:17:56","slug":"immersive-ausstellung-dali-cybernetics-immersive-reise-in-den-genialen-geist-von-salvador-dali","status":"publish","type":"wydarzenia","link":"https:\/\/bestofwarsaw.pl\/archiwum\/de\/ereignisse-2\/immersive-ausstellung-dali-cybernetics-immersive-reise-in-den-genialen-geist-von-salvador-dali\/","title":{"rendered":"Die immersive Ausstellung \"Dali Cybernetics. Eine immersive Reise in den brillanten Geist von Salvador Dali\"."},"content":{"rendered":"<p>Eine bemerkenswerte neue multisensorische Ausstellung, DAL\u00cd CYBERNETICS, wird am 13. September in der Art Box Experience in der Norblin Factory er\u00f6ffnet. Dies ist die erste moderne immersive Erfahrung der Werke von Salvador Dali in Polen, die seine Interpretation von Paralleluniversen, Quantenphysik, der vierten Dimension, heiliger Geometrie oder DNA-Sequenzierung zeigt. Karten sind ab sofort im Vorverkauf bei ticketmaster.de erh\u00e4ltlich.<\/p>\n<p>DAL\u00cd CYBERNETICS ist eine spannende Reise durch Dalis ber\u00fchmteste Werke aus einer v\u00f6llig neuen Perspektive. Das poetische und traumhafte Universum des K\u00fcnstlers trifft auf gro\u00dfformatige Projektionen, interaktive Installationen, Hologramme, virtuelle Realit\u00e4t und k\u00fcnstliche Intelligenz. Eine Reise in die Gedankenwelt des katalanischen K\u00fcnstlers offenbart, wie sehr die Brillanz seiner Werke aus einer offenen, provokativen und wissenschaftlichen Denkweise sowie seiner Faszination f\u00fcr die Relativit\u00e4tstheorie und die vierte Dimension resultiert.<\/p>\n<p>In diesem Jahr j\u00e4hrt sich zum 120. Mal der Geburtstag eines K\u00fcnstlers, der f\u00fcr seinen exzentrischen Stil sowohl in der Kunst als auch im Alltag bekannt ist. Wir alle assoziieren den markanten Schnurrbart des katalanischen K\u00fcnstlers, aber nicht jeder wei\u00df, woher seine Genialit\u00e4t stammt.<\/p>\n<p>Die Denkweise des K\u00fcnstlers und ausgew\u00e4hlte Werke, darunter Persistence of Memory, Galatea of the Spheres und Burning Giraffes, werden in der immersiven Ausstellung \"Dal\u00ed Cybernetics\" erforscht, die vom 13. September bis zum 31. Dezember 2024 zu besichtigen ist. <\/p>\n<p>Das Projekt entstand in Zusammenarbeit mit der Stiftung Gala Salvador Dal\u00ed, die speziell f\u00fcr diese Ausstellung umfangreiche Recherchen durchf\u00fchrte, um das Werk des K\u00fcnstlers in die Welt der digitalen Kunst einzubetten. Die Kuratorinnen der Ausstellung, Imma Fondevila und Anna Pou, arbeiteten eng mit dem Forschungszentrum f\u00fcr das Werk des K\u00fcnstlers in der Dal\u00ed-Stiftung zusammen. Die Kunstinstallationen auf 800 Quadratmetern sind das Werk von Layers of Reality und Exhibition Hub, und der Soundtrack der Ausstellung wurde von Rafel Plana komponiert.<\/p>\n<p>Veranstaltungsort: Art Box Experience, Norblin Factory,<br \/>\nMo. - Do. 9 bis 20 Uhr, letzter Einlass um 19 Uhr; Fr. 9 bis 21 Uhr, letzter Einlass um 20 Uhr; Wochenende 10 bis 21 Uhr.<\/p>\n<p>Sie sind herzlich willkommen!<\/p>","protected":false},"excerpt":{"rendered":"<p>Eine bemerkenswerte neue multisensorische Ausstellung, DAL\u00cd CYBERNETICS, wird am 13. September in der Art Box Experience in der Norblin Factory er\u00f6ffnet. Dies ist die erste moderne immersive Erfahrung der Werke von Salvador Dali in Polen, die seine Interpretation von Paralleluniversen, Quantenphysik, der vierten Dimension, heiliger Geometrie oder DNA-Sequenzierung zeigt. Karten sind ab sofort im Vorverkauf bei ticketmaster.de erh\u00e4ltlich.<\/p>","protected":false},"author":12,"featured_media":22157,"comment_status":"","ping_status":"closed","template":"","meta":{"_eb_attr":"","footnotes":"","spc_primary_kategorie_wydarzen":0,"spc_primary_kat_wydarzenia":0},"kategorie_wydarzen":[807,494],"tagi_wydarzen":[805,607],"kat_wydarzenia":[628],"wydarzenia_duplikat":[],"class_list":["post-22156","wydarzenia","type-wydarzenia","status-publish","has-post-thumbnail","hentry","kategorie_wydarzen-archiwum","kategorie_wydarzen-wystawy","tagi_wydarzen-sztuki-wizualne","tagi_wydarzen-wystawa-czasowa","kat_wydarzenia-05-wybrane"],"yoast_head":"<!-- This site is optimized with the Yoast SEO plugin v27.1.1 - https:\/\/yoast.com\/product\/yoast-seo-wordpress\/ -->\n<title>Wystawa immersyjna &quot;Dali Cybernetics. Immersyjna Podr\u00f3\u017c w g\u0142\u0105b Genialnego Umys\u0142u Salvadora Dali&quot; - BestOfWarsaw | Przewodnik po Warszawie<\/title>\n<meta name=\"robots\" content=\"index, follow, max-snippet:-1, max-image-preview:large, max-video-preview:-1\" \/>\n<link rel=\"canonical\" href=\"https:\/\/bestofwarsaw.pl\/archiwum\/de\/ereignisse-2\/immersive-ausstellung-dali-cybernetics-immersive-reise-in-den-genialen-geist-von-salvador-dali\/\" \/>\n<meta property=\"og:locale\" content=\"de_DE\" \/>\n<meta property=\"og:type\" content=\"article\" \/>\n<meta property=\"og:title\" content=\"Wystawa immersyjna &quot;Dali Cybernetics. Immersyjna Podr\u00f3\u017c w g\u0142\u0105b Genialnego Umys\u0142u Salvadora Dali&quot; - BestOfWarsaw | Przewodnik po Warszawie\" \/>\n<meta property=\"og:description\" content=\"Ju\u017c 13 wrze\u015bnia w Art Box Experience w Fabryce Norblina wystartuje nowa, niezwyk\u0142a wystawa multisensoryczna \u2013 DAL\u00cd CYBERNETICS. To pierwsze w Polsce, nowoczesne, immersyjne do\u015bwiadczenie dzie\u0142 Salvadora Dalego, w kt\u00f3rych znajdziemy jego interpretacj\u0119 r\u00f3wnoleg\u0142ych wszech\u015bwiat\u00f3w, fizyki kwantowej, czwartego wymiaru, \u015bwi\u0119tej geometrii czy sekwencjonowania DNA. Bilety s\u0105 ju\u017c dost\u0119pne w przedsprzeda\u017cy na ticketmaster.pl. DAL\u00cd CYBERNETICS to [&hellip;]\" \/>\n<meta property=\"og:url\" content=\"https:\/\/bestofwarsaw.pl\/archiwum\/de\/ereignisse-2\/immersive-ausstellung-dali-cybernetics-immersive-reise-in-den-genialen-geist-von-salvador-dali\/\" \/>\n<meta property=\"og:site_name\" content=\"BestOfWarsaw | Przewodnik po Warszawie\" \/>\n<meta name=\"twitter:card\" content=\"summary_large_image\" \/>\n<meta name=\"twitter:label1\" content=\"Gesch\u00e4tzte Lesezeit\" \/>\n\t<meta name=\"twitter:data1\" content=\"2\u00a0Minuten\" \/>\n<script type=\"application\/ld+json\" class=\"yoast-schema-graph\">{\"@context\":\"https:\/\/schema.org\",\"@graph\":[{\"@type\":\"WebPage\",\"@id\":\"https:\/\/bestofwarsaw.pl\/archiwum\/wydarzenia\/wystawa-immersyjna-dali-cybernetics-immersyjna-podroz-w-glab-genialnego-umyslu-salvadora-dali\/\",\"url\":\"https:\/\/bestofwarsaw.pl\/archiwum\/wydarzenia\/wystawa-immersyjna-dali-cybernetics-immersyjna-podroz-w-glab-genialnego-umyslu-salvadora-dali\/\",\"name\":\"Wystawa immersyjna \\\"Dali Cybernetics. Immersyjna Podr\u00f3\u017c w g\u0142\u0105b Genialnego Umys\u0142u Salvadora Dali\\\" - BestOfWarsaw | Przewodnik po Warszawie\",\"isPartOf\":{\"@id\":\"https:\/\/bestofwarsaw.pl\/archiwum\/#website\"},\"primaryImageOfPage\":{\"@id\":\"https:\/\/bestofwarsaw.pl\/archiwum\/wydarzenia\/wystawa-immersyjna-dali-cybernetics-immersyjna-podroz-w-glab-genialnego-umyslu-salvadora-dali\/#primaryimage\"},\"image\":{\"@id\":\"https:\/\/bestofwarsaw.pl\/archiwum\/wydarzenia\/wystawa-immersyjna-dali-cybernetics-immersyjna-podroz-w-glab-genialnego-umyslu-salvadora-dali\/#primaryimage\"},\"thumbnailUrl\":\"https:\/\/bestofwarsaw.pl\/archiwum\/wp-content\/uploads\/2025\/01\/1725892259829.jpeg\",\"datePublished\":\"2025-01-07T12:17:56+00:00\",\"breadcrumb\":{\"@id\":\"https:\/\/bestofwarsaw.pl\/archiwum\/wydarzenia\/wystawa-immersyjna-dali-cybernetics-immersyjna-podroz-w-glab-genialnego-umyslu-salvadora-dali\/#breadcrumb\"},\"inLanguage\":\"de\",\"potentialAction\":[{\"@type\":\"ReadAction\",\"target\":[\"https:\/\/bestofwarsaw.pl\/archiwum\/wydarzenia\/wystawa-immersyjna-dali-cybernetics-immersyjna-podroz-w-glab-genialnego-umyslu-salvadora-dali\/\"]}]},{\"@type\":\"ImageObject\",\"inLanguage\":\"de\",\"@id\":\"https:\/\/bestofwarsaw.pl\/archiwum\/wydarzenia\/wystawa-immersyjna-dali-cybernetics-immersyjna-podroz-w-glab-genialnego-umyslu-salvadora-dali\/#primaryimage\",\"url\":\"https:\/\/bestofwarsaw.pl\/archiwum\/wp-content\/uploads\/2025\/01\/1725892259829.jpeg\",\"contentUrl\":\"https:\/\/bestofwarsaw.pl\/archiwum\/wp-content\/uploads\/2025\/01\/1725892259829.jpeg\",\"width\":1005,\"height\":576},{\"@type\":\"BreadcrumbList\",\"@id\":\"https:\/\/bestofwarsaw.pl\/archiwum\/wydarzenia\/wystawa-immersyjna-dali-cybernetics-immersyjna-podroz-w-glab-genialnego-umyslu-salvadora-dali\/#breadcrumb\",\"itemListElement\":[{\"@type\":\"ListItem\",\"position\":1,\"name\":\"BestOfWarsaw\",\"item\":\"https:\/\/bestofwarsaw.pl\/archiwum\/\"},{\"@type\":\"ListItem\",\"position\":2,\"name\":\"Wydarzenia\",\"item\":\"https:\/\/bestofwarsaw.pl\/archiwum\/pl\/wydarzenia\/?ucterms=post_type:wydarzenia\"},{\"@type\":\"ListItem\",\"position\":3,\"name\":\"Wystawy | Targi | Festiwale\",\"item\":\"https:\/\/bestofwarsaw.pl\/archiwum\/kat-wydarzen\/wystawy-targi-festiwale\/?ucterms=kategorie_wydarzen:wystawy-targi-festiwale.*\"},{\"@type\":\"ListItem\",\"position\":4,\"name\":\"Wystawy\",\"item\":\"https:\/\/bestofwarsaw.pl\/archiwum\/kat-wydarzen\/wystawy\/?ucterms=kategorie_wydarzen:wystawy-targi-festiwale.wystawy.*\"},{\"@type\":\"ListItem\",\"position\":5,\"name\":\"Wystawa immersyjna &#8222;Dali Cybernetics. Immersyjna Podr\u00f3\u017c w g\u0142\u0105b Genialnego Umys\u0142u Salvadora Dali&#8221;\"}]},{\"@type\":\"WebSite\",\"@id\":\"https:\/\/bestofwarsaw.pl\/archiwum\/#website\",\"url\":\"https:\/\/bestofwarsaw.pl\/archiwum\/\",\"name\":\"BestOfWarsaw | Przewodnik po Warszawie\",\"description\":\"\",\"publisher\":{\"@id\":\"https:\/\/bestofwarsaw.pl\/archiwum\/#organization\"},\"potentialAction\":[{\"@type\":\"SearchAction\",\"target\":{\"@type\":\"EntryPoint\",\"urlTemplate\":\"https:\/\/bestofwarsaw.pl\/archiwum\/?s={search_term_string}\"},\"query-input\":{\"@type\":\"PropertyValueSpecification\",\"valueRequired\":true,\"valueName\":\"search_term_string\"}}],\"inLanguage\":\"de\"},{\"@type\":\"Organization\",\"@id\":\"https:\/\/bestofwarsaw.pl\/archiwum\/#organization\",\"name\":\"BestOfWarsaw | Przewodnik po Warszawie\",\"url\":\"https:\/\/bestofwarsaw.pl\/archiwum\/\",\"logo\":{\"@type\":\"ImageObject\",\"inLanguage\":\"de\",\"@id\":\"https:\/\/bestofwarsaw.pl\/archiwum\/#\/schema\/logo\/image\/\",\"url\":\"https:\/\/bestofwarsaw.pl\/archiwum\/wp-content\/uploads\/2024\/05\/bofw-logo.svg\",\"contentUrl\":\"https:\/\/bestofwarsaw.pl\/archiwum\/wp-content\/uploads\/2024\/05\/bofw-logo.svg\",\"width\":259.5,\"height\":43.3,\"caption\":\"BestOfWarsaw | Przewodnik po Warszawie\"},\"image\":{\"@id\":\"https:\/\/bestofwarsaw.pl\/archiwum\/#\/schema\/logo\/image\/\"}}]}<\/script>\n<!-- \/ Yoast SEO plugin. -->","yoast_head_json":{"title":"Immersive Ausstellung Dali Cybernetics. Eine immersive Reise in den brillanten Geist von Salvador Dali - BestOfWarsaw | Warsaw Guide","robots":{"index":"index","follow":"follow","max-snippet":"max-snippet:-1","max-image-preview":"max-image-preview:large","max-video-preview":"max-video-preview:-1"},"canonical":"https:\/\/bestofwarsaw.pl\/archiwum\/de\/ereignisse-2\/immersive-ausstellung-dali-cybernetics-immersive-reise-in-den-genialen-geist-von-salvador-dali\/","og_locale":"de_DE","og_type":"article","og_title":"Wystawa immersyjna \"Dali Cybernetics. Immersyjna Podr\u00f3\u017c w g\u0142\u0105b Genialnego Umys\u0142u Salvadora Dali\" - BestOfWarsaw | Przewodnik po Warszawie","og_description":"Ju\u017c 13 wrze\u015bnia w Art Box Experience w Fabryce Norblina wystartuje nowa, niezwyk\u0142a wystawa multisensoryczna \u2013 DAL\u00cd CYBERNETICS. To pierwsze w Polsce, nowoczesne, immersyjne do\u015bwiadczenie dzie\u0142 Salvadora Dalego, w kt\u00f3rych znajdziemy jego interpretacj\u0119 r\u00f3wnoleg\u0142ych wszech\u015bwiat\u00f3w, fizyki kwantowej, czwartego wymiaru, \u015bwi\u0119tej geometrii czy sekwencjonowania DNA. Bilety s\u0105 ju\u017c dost\u0119pne w przedsprzeda\u017cy na ticketmaster.pl. DAL\u00cd CYBERNETICS to [&hellip;]","og_url":"https:\/\/bestofwarsaw.pl\/archiwum\/de\/ereignisse-2\/immersive-ausstellung-dali-cybernetics-immersive-reise-in-den-genialen-geist-von-salvador-dali\/","og_site_name":"BestOfWarsaw | Przewodnik po Warszawie","twitter_card":"summary_large_image","twitter_misc":{"Gesch\u00e4tzte Lesezeit":"2\u00a0Minuten"},"schema":{"@context":"https:\/\/schema.org","@graph":[{"@type":"WebPage","@id":"https:\/\/bestofwarsaw.pl\/archiwum\/wydarzenia\/wystawa-immersyjna-dali-cybernetics-immersyjna-podroz-w-glab-genialnego-umyslu-salvadora-dali\/","url":"https:\/\/bestofwarsaw.pl\/archiwum\/wydarzenia\/wystawa-immersyjna-dali-cybernetics-immersyjna-podroz-w-glab-genialnego-umyslu-salvadora-dali\/","name":"Immersive Ausstellung Dali Cybernetics. Eine immersive Reise in den brillanten Geist von Salvador Dali - BestOfWarsaw | Warsaw Guide","isPartOf":{"@id":"https:\/\/bestofwarsaw.pl\/archiwum\/#website"},"primaryImageOfPage":{"@id":"https:\/\/bestofwarsaw.pl\/archiwum\/wydarzenia\/wystawa-immersyjna-dali-cybernetics-immersyjna-podroz-w-glab-genialnego-umyslu-salvadora-dali\/#primaryimage"},"image":{"@id":"https:\/\/bestofwarsaw.pl\/archiwum\/wydarzenia\/wystawa-immersyjna-dali-cybernetics-immersyjna-podroz-w-glab-genialnego-umyslu-salvadora-dali\/#primaryimage"},"thumbnailUrl":"https:\/\/bestofwarsaw.pl\/archiwum\/wp-content\/uploads\/2025\/01\/1725892259829.jpeg","datePublished":"2025-01-07T12:17:56+00:00","breadcrumb":{"@id":"https:\/\/bestofwarsaw.pl\/archiwum\/wydarzenia\/wystawa-immersyjna-dali-cybernetics-immersyjna-podroz-w-glab-genialnego-umyslu-salvadora-dali\/#breadcrumb"},"inLanguage":"de","potentialAction":[{"@type":"ReadAction","target":["https:\/\/bestofwarsaw.pl\/archiwum\/wydarzenia\/wystawa-immersyjna-dali-cybernetics-immersyjna-podroz-w-glab-genialnego-umyslu-salvadora-dali\/"]}]},{"@type":"ImageObject","inLanguage":"de","@id":"https:\/\/bestofwarsaw.pl\/archiwum\/wydarzenia\/wystawa-immersyjna-dali-cybernetics-immersyjna-podroz-w-glab-genialnego-umyslu-salvadora-dali\/#primaryimage","url":"https:\/\/bestofwarsaw.pl\/archiwum\/wp-content\/uploads\/2025\/01\/1725892259829.jpeg","contentUrl":"https:\/\/bestofwarsaw.pl\/archiwum\/wp-content\/uploads\/2025\/01\/1725892259829.jpeg","width":1005,"height":576},{"@type":"BreadcrumbList","@id":"https:\/\/bestofwarsaw.pl\/archiwum\/wydarzenia\/wystawa-immersyjna-dali-cybernetics-immersyjna-podroz-w-glab-genialnego-umyslu-salvadora-dali\/#breadcrumb","itemListElement":[{"@type":"ListItem","position":1,"name":"BestOfWarsaw","item":"https:\/\/bestofwarsaw.pl\/archiwum\/"},{"@type":"ListItem","position":2,"name":"Wydarzenia","item":"https:\/\/bestofwarsaw.pl\/archiwum\/pl\/wydarzenia\/?ucterms=post_type:wydarzenia"},{"@type":"ListItem","position":3,"name":"Wystawy | Targi | Festiwale","item":"https:\/\/bestofwarsaw.pl\/archiwum\/kat-wydarzen\/wystawy-targi-festiwale\/?ucterms=kategorie_wydarzen:wystawy-targi-festiwale.*"},{"@type":"ListItem","position":4,"name":"Wystawy","item":"https:\/\/bestofwarsaw.pl\/archiwum\/kat-wydarzen\/wystawy\/?ucterms=kategorie_wydarzen:wystawy-targi-festiwale.wystawy.*"},{"@type":"ListItem","position":5,"name":"Wystawa immersyjna &#8222;Dali Cybernetics. Immersyjna Podr\u00f3\u017c w g\u0142\u0105b Genialnego Umys\u0142u Salvadora Dali&#8221;"}]},{"@type":"WebSite","@id":"https:\/\/bestofwarsaw.pl\/archiwum\/#website","url":"https:\/\/bestofwarsaw.pl\/archiwum\/","name":"BestOfWarsaw | Reisef\u00fchrer f\u00fcr Warschau","description":"","publisher":{"@id":"https:\/\/bestofwarsaw.pl\/archiwum\/#organization"},"potentialAction":[{"@type":"SearchAction","target":{"@type":"EntryPoint","urlTemplate":"https:\/\/bestofwarsaw.pl\/archiwum\/?s={search_term_string}"},"query-input":{"@type":"PropertyValueSpecification","valueRequired":true,"valueName":"search_term_string"}}],"inLanguage":"de"},{"@type":"Organization","@id":"https:\/\/bestofwarsaw.pl\/archiwum\/#organization","name":"BestOfWarsaw | Reisef\u00fchrer f\u00fcr Warschau","url":"https:\/\/bestofwarsaw.pl\/archiwum\/","logo":{"@type":"ImageObject","inLanguage":"de","@id":"https:\/\/bestofwarsaw.pl\/archiwum\/#\/schema\/logo\/image\/","url":"https:\/\/bestofwarsaw.pl\/archiwum\/wp-content\/uploads\/2024\/05\/bofw-logo.svg","contentUrl":"https:\/\/bestofwarsaw.pl\/archiwum\/wp-content\/uploads\/2024\/05\/bofw-logo.svg","width":259.5,"height":43.3,"caption":"BestOfWarsaw | Przewodnik po Warszawie"},"image":{"@id":"https:\/\/bestofwarsaw.pl\/archiwum\/#\/schema\/logo\/image\/"}}]}},"_links":{"self":[{"href":"https:\/\/bestofwarsaw.pl\/archiwum\/de\/wp-json\/wp\/v2\/wydarzenia\/22156","targetHints":{"allow":["GET"]}}],"collection":[{"href":"https:\/\/bestofwarsaw.pl\/archiwum\/de\/wp-json\/wp\/v2\/wydarzenia"}],"about":[{"href":"https:\/\/bestofwarsaw.pl\/archiwum\/de\/wp-json\/wp\/v2\/types\/wydarzenia"}],"author":[{"embeddable":true,"href":"https:\/\/bestofwarsaw.pl\/archiwum\/de\/wp-json\/wp\/v2\/users\/12"}],"replies":[{"embeddable":true,"href":"https:\/\/bestofwarsaw.pl\/archiwum\/de\/wp-json\/wp\/v2\/comments?post=22156"}],"version-history":[{"count":0,"href":"https:\/\/bestofwarsaw.pl\/archiwum\/de\/wp-json\/wp\/v2\/wydarzenia\/22156\/revisions"}],"wp:featuredmedia":[{"embeddable":true,"href":"https:\/\/bestofwarsaw.pl\/archiwum\/de\/wp-json\/wp\/v2\/media\/22157"}],"wp:attachment":[{"href":"https:\/\/bestofwarsaw.pl\/archiwum\/de\/wp-json\/wp\/v2\/media?parent=22156"}],"wp:term":[{"taxonomy":"kategorie_wydarzen","embeddable":true,"href":"https:\/\/bestofwarsaw.pl\/archiwum\/de\/wp-json\/wp\/v2\/kategorie_wydarzen?post=22156"},{"taxonomy":"tagi_wydarzen","embeddable":true,"href":"https:\/\/bestofwarsaw.pl\/archiwum\/de\/wp-json\/wp\/v2\/tagi_wydarzen?post=22156"},{"taxonomy":"kat_wydarzenia","embeddable":true,"href":"https:\/\/bestofwarsaw.pl\/archiwum\/de\/wp-json\/wp\/v2\/kat_wydarzenia?post=22156"},{"taxonomy":"wydarzenia_duplikat","embeddable":true,"href":"https:\/\/bestofwarsaw.pl\/archiwum\/de\/wp-json\/wp\/v2\/wydarzenia_duplikat?post=22156"}],"curies":[{"name":"wp","href":"https:\/\/api.w.org\/{rel}","templated":true}]}}